{"id":17,"date":"2015-09-12T11:46:19","date_gmt":"2015-09-12T11:46:19","guid":{"rendered":"http:\/\/anr2-1.nanopikz.com\/?page_id=17"},"modified":"2023-03-30T18:19:14","modified_gmt":"2023-03-30T17:19:14","slug":"publications","status":"publish","type":"page","link":"https:\/\/academie-nationale-reims.fr\/index.php\/publications\/","title":{"rendered":"Publications"},"content":{"rendered":"\n<p><div class=\"card card-publications\">\n<a href=\"https:\/\/academie-nationale-reims.fr\/index.php\/publications\/\" aria-current=\"page\">\n<div class=\"card-title\">Publications<\/div>\n<div class=\"card-img\"><img decoding=\"async\" class=\"wp-image-2250\" src=\"http:\/\/academie-nationale-reims.fr\/wp-content\/uploads\/2023\/03\/cadre-etiquette-publications.png\" alt=\"\"><\/div><\/a>\n<\/div><\/p>\n\n\n<p style=\"text-align: center;\">L&rsquo;Acad\u00e9mie nationale de Reims publie des volumes d<span style=\"color: #000000;\">e <strong><a href=\"http:\/\/academie-nationale-reims.fr\/index.php\/publications\/travaux\/\" target=\"_blank\" rel=\"noopener\">Travaux<\/a> <\/strong>et des <strong><a href=\"http:\/\/academie-nationale-reims.fr\/index.php\/publications\/annales\/\" target=\"_blank\" rel=\"noopener\">Annales<\/a><\/strong><\/span>.<\/p>\n<p style=\"text-align: center;\"><a href=\"http:\/\/academie-nationale-reims.fr\/wp-content\/uploads\/2015\/09\/tome-1_n-1.png\"><img decoding=\"async\" loading=\"lazy\" class=\"alignnone wp-image-301\" src=\"http:\/\/academie-nationale-reims.fr\/wp-content\/uploads\/2015\/09\/tome-1_n-1.png\" alt=\"tome 1_n\" width=\"269\" height=\"175\" \/><\/a><\/p>\n<p style=\"text-align: center;\"><em>Premier volume publi\u00e9 en 1844<\/em><\/p>\n<p style=\"text-align: center;\">De 1843 \u00e0 1902, elle publie des documents in\u00e9dits tir\u00e9s de la Biblioth\u00e8que de Reims sous la direction de Charles LORIQUET (conservateur de la Biblioth\u00e8que et des archives de Reims) et continu\u00e9s par les Membres de l&rsquo;Acad\u00e9mie nationale de Reims<strong>. <\/strong>En voici la liste:<\/p>\n<table style=\"height: 8621px; width: 100%;\" width=\"100%\">\n<tbody>\n<tr>\n<td style=\"width: 33.9345%;\" width=\"173\"><strong>AUTEUR<\/strong><\/td>\n<td style=\"width: 51.1347%;\" width=\"270\"><strong>TITRE<\/strong><\/td>\n<td style=\"width: 13.6763%;\" width=\"83\"><strong>ANNEE<\/strong><\/td>\n<\/tr>\n<tr>\n<td style=\"width: 33.9345%;\" width=\"173\"><strong>Guillaume MARLOT<\/strong><\/td>\n<td style=\"width: 51.1347%;\" width=\"270\">I- \u00ab\u00a0<em>Histoire de la ville, cit\u00e9 et universit\u00e9 de Reims, M\u00e9tropolitaine de la Gaule Belgique, divis\u00e9e en douze livres contenant l&rsquo;estat eccl\u00e9siastique et civil du Pa\u00efs<\/em>\u00a0\u00bb Manuscrit in\u00e9dit publi\u00e9 aux frais et par les soins de l&rsquo;Acad\u00e9mie de Reims. Reims, L. Jacquet (Libraire-Imprimeur de l&rsquo;Acad\u00e9mie) et Brissart-Binet (Libraire de l&rsquo;Acad\u00e9mie) \/ Paris, T\u00e9chener (Place du Louvre, 12), 4 forts volumes in-4<\/td>\n<td style=\"width: 13.6763%;\" width=\"83\">1843-1846<\/td>\n<\/tr>\n<tr>\n<td style=\"width: 33.9345%;\" width=\"173\"><strong>FLODOARD\u00a0\u00a0\u00a0[LEJEUNE]<\/strong><\/td>\n<td style=\"width: 51.1347%;\" width=\"270\">II- \u00ab\u00a0<em>Histoire de l&rsquo;Eglise de Reims (Flodoardi Historia Remensis Ecclesiae)<\/em>\u00a0\u00bb Publi\u00e9e par l&rsquo;Acad\u00e9mie Imp\u00e9riale de Reims et traduite avec le concours de l&rsquo;Acad\u00e9mie par M. Lejeune, professeur au Lyc\u00e9e de cette m\u00eame Ville. Reims, P. Regnier, Imprimeur de l&rsquo;Acad\u00e9mie, 2 volumes, gd in-8<\/td>\n<td style=\"width: 13.6763%;\" width=\"83\">1854<\/td>\n<\/tr>\n<tr>\n<td style=\"width: 33.9345%;\" width=\"173\"><strong>FLODOARD\u00a0\u00a0\u00a0[BANDEVILLE, Abb\u00e9]<\/strong><\/td>\n<td style=\"width: 51.1347%;\" width=\"270\">III- \u00ab\u00a0<em>Chronique de Flodoard de l&rsquo;An 919 \u00e0 l&rsquo;An 976 (Flodoardi Chronicon), avec un appendice de quelques ann\u00e9es<\/em>\u00ab\u00a0. Publi\u00e9e par l&rsquo;Acad\u00e9mie Imp\u00e9riale de Reims, avec une traduction nouvelle et des notes par feu M. l&rsquo;Abb\u00e9 Bandeville, chanoine de Reims, membre de l&rsquo;Acad\u00e9mie &#8211; Suivie d&rsquo;un \u00ab\u00a0Index\u00a0\u00bb pour l&rsquo;Histoire de Reims et la Chronique. Reims, P. Regnier, Imprimeur de l&rsquo;Acad\u00e9mie, un volume, gd in-8<\/td>\n<td style=\"width: 13.6763%;\" width=\"83\">1855<\/td>\n<\/tr>\n<tr>\n<td style=\"width: 33.9345%;\" width=\"173\"><strong>RICHER\u00a0[POINSIGNON, A.-M.]<\/strong><\/td>\n<td style=\"width: 51.1347%;\" width=\"270\">IV- \u00ab\u00a0<em>Richeri Historiarum Quatuor Libri &#8211; Histoire de Richer en quatre livres<\/em>\u00a0\u00bb (ou \u00ab\u00a0Histoire des Gaules au Xe si\u00e8cle\u00a0\u00bb, par Richer), publi\u00e9e par l&rsquo;Acad\u00e9mie Imp\u00e9riale de Reims, avec traduction, notes, tableaux g\u00e9n\u00e9alogiques, cartes g\u00e9ographiques et fac-simile, par M. A.-M. Poinsignon, ancien professeur d&rsquo;Histoire et censeur des \u00e9tudes, docteur \u00e8s-lettres et membre de l&rsquo;Acad\u00e9mie. Reims, P. Regnier, Imprimeur de l&rsquo;Acad\u00e9mie, un volume, in-8<\/td>\n<td style=\"width: 13.6763%;\" width=\"83\">1855<\/td>\n<\/tr>\n<tr>\n<td style=\"width: 33.9345%;\" width=\"173\"><strong>Jehan PUSSOT [HENRY, E. et Charles LORIQUET]<\/strong><\/td>\n<td style=\"width: 51.1347%;\" width=\"270\">V- \u00ab\u00a0<em>Journalier ou M\u00e9moires de Jehan Pussot, Ma\u00eetre charpentier en la Couture de Reims (1568-1626)<\/em>\u00ab\u00a0, publi\u00e9s pour la premi\u00e8re fois sur le Manuscrit autographe de la Biblioth\u00e8que de cette Ville par E. Henry, Professeur d&rsquo;Histoire au Lyc\u00e9e et membre de l&rsquo;Acad\u00e9mie, et Charles Loriquet, Biblioth\u00e9caire de la Ville et Secr\u00e9taire g\u00e9n\u00e9ral de l&rsquo;Acad\u00e9mie. Reims, P. Regnier, Imprimeur de l&rsquo;Acad\u00e9mie, un volume, in-8<\/td>\n<td style=\"width: 13.6763%;\" width=\"83\">1858<\/td>\n<\/tr>\n<tr>\n<td style=\"width: 33.9345%;\" width=\"173\"><strong>BABOU DE LA BOURDAISIERE, Philibert\u00a0\u00a0[HENRY, E. et\u00a0LORIQUET, Charles]<\/strong><\/td>\n<td style=\"width: 51.1347%;\" width=\"270\">VI- \u00ab\u00a0<em>Correspondance de Philibert Babou de La Bourdaisi\u00e8re, \u00e9v\u00eaque d&rsquo;Angoul\u00eame, ambassadeur de France \u00e0 Rome (1560-1564)<\/em>\u00ab\u00a0, publi\u00e9e sur le Manuscrit de la Biblioth\u00e8que de Reims par E. Henry (professeur d&rsquo;Histoire et membre de l&rsquo;Acad\u00e9mie de cette Ville) et Charles Loriquet (Biblioth\u00e9caire de la Ville et Secr\u00e9taire g\u00e9n\u00e9ral de l&rsquo;Acad\u00e9mie). Reims, P. Dubois, Imprimeur de l&rsquo;Acad\u00e9mie Imp\u00e9riale (9 rue de l&rsquo;Arbal\u00e8te) un volume, in-8<\/td>\n<td style=\"width: 13.6763%;\" width=\"83\">1859<\/td>\n<\/tr>\n<tr>\n<td style=\"width: 33.9345%;\" width=\"173\"><strong>MAYENNE, duc de [HENRY, E. et\u00a0LORIQUET, Charles]<\/strong><\/td>\n<td style=\"width: 51.1347%;\" width=\"270\">VII- \u00ab\u00a0<em>Correspondance du duc de Mayenne (1590-1591)<\/em>\u00ab\u00a0, publi\u00e9e sur le manuscrit de la Biblioth\u00e8que de Reims par E. Henry, membre honoraire de l&rsquo;Acad\u00e9mie de cette Ville, et Charles Loriquet, Biblioth\u00e9caire de la Ville et Secr\u00e9taire g\u00e9n\u00e9ral de l&rsquo;Acad\u00e9mie. Reims, P. Dubois, Imprimeur de l&rsquo;Acad\u00e9mie Imp\u00e9riale (rue de l&rsquo;Arbal\u00e8te, 9), 2 volumes, in-8<\/td>\n<td style=\"width: 13.6763%;\" width=\"83\">1860-1864<\/td>\n<\/tr>\n<tr>\n<td style=\"width: 33.9345%;\" width=\"173\"><strong>COQUAULT, Oudart\u00a0[LORIQUET, Charles]<\/strong><\/td>\n<td style=\"width: 51.1347%;\" width=\"270\">VIII- \u00ab\u00a0<em>M\u00e9moires de Oudart Coquault, bourgeois de Reims (1649-1668)<\/em>\u00ab\u00a0, publi\u00e9s pour la premi\u00e8re fois, sur le manuscrit de la Biblioth\u00e8que de cette ville, avec introduction, des notes et un appendice par Charles Loriquet, conservateur de la Biblioth\u00e8que, des Archives et du Mus\u00e9e de la ville, Secr\u00e9taire g\u00e9n\u00e9ral de l&rsquo;Acad\u00e9mie. Reims, Imprimerie de l&rsquo;Acad\u00e9mie (E. G\u00e9ny, Dir. Rue Pluche, 24), 2 volumes, in-8<\/td>\n<td style=\"width: 13.6763%;\" width=\"83\">1875<\/td>\n<\/tr>\n<tr>\n<td style=\"width: 33.9345%;\" width=\"173\"><strong>ANONYME\u00a0\u00a0\u00a0[HERELLE, G.]<\/strong><\/td>\n<td style=\"width: 51.1347%;\" width=\"270\">IX- \u00ab\u00a0<em>M\u00e9moire des choses plus notables advenues en la province de Champagne (1585-1598)<\/em>\u00ab\u00a0, publi\u00e9 par M. G. H\u00e9relle, sur le Manuscrit de la Biblioth\u00e8que Nationale. Reims, Deligne, un volume, in-8<\/td>\n<td style=\"width: 13.6763%;\" width=\"83\">1882<\/td>\n<\/tr>\n<tr>\n<td style=\"width: 33.9345%;\" width=\"173\"><strong>MAILLEFER, Jean\u00a0 [JADART, Henri]<\/strong><\/td>\n<td style=\"width: 51.1347%;\" width=\"270\">X- \u00ab\u00a0<em>M\u00e9moires de Jean Maillefer, marchand bourgeois de Reims (1611-1684), continu\u00e9s par son fils jusqu&rsquo;en 1716<\/em>\u00ab\u00a0, publi\u00e9s sur le Manuscrit original de la Biblioth\u00e8que de Reims. Avec une Introduction, des Notes et la G\u00e9n\u00e9alogie de la Famille par M. Henri Jadart, Secr\u00e9taire g\u00e9n\u00e9ral de l&rsquo;Acad\u00e9mie de Reims, Conservateur adjoint de la Biblioth\u00e8que de la Ville, Correspondant du Minist\u00e8re de l&rsquo;Instruction Publique. Paris, Alphonse Picard (82 rue Bonaparte) \/ Reims, Fr\u00e9d\u00e9ric Michaud (23 rue du Cadran-Saint-Pierre), un volume, in-8<\/td>\n<td style=\"width: 13.6763%;\" width=\"83\">1890<\/td>\n<\/tr>\n<tr>\n<td style=\"width: 33.9345%;\" width=\"173\"><strong>MONTDOUCET, Claude de\u00a0 [DIDIER, Louis]<\/strong><\/td>\n<td style=\"width: 51.1347%;\" width=\"270\">XI- \u00ab\u00a0<em>Lettres et n\u00e9gociations de Claude de Montdoucet, r\u00e9sident de France aux Pays-Bas (1571-1574)<\/em>\u00ab\u00a0, publi\u00e9es d&rsquo;apr\u00e8s le Manuscrit de la Biblioth\u00e8que de Reims par L. Didier, membre de l&rsquo;Acad\u00e9mie de Reims, Professeur d&rsquo;Histoire au Lyc\u00e9e. Paris, Ernest Leroux (28 rue Bonaparte) \/ Reims, F. Michaud, Libraire-Editeur de l&rsquo;Acad\u00e9mie (23 rue du Cadran-Saint-Pierre), 2 volumes, in-8<\/td>\n<td style=\"width: 13.6763%;\" width=\"83\">1891-1892<\/td>\n<\/tr>\n<tr>\n<td style=\"width: 33.9345%;\" width=\"173\"><strong>CHASTELAIN, Dom Pierre\u00a0[JADART, Henri]<\/strong><\/td>\n<td style=\"width: 51.1347%;\" width=\"270\">\u00ab\u00a0<em>Journal de Dom Pierre Chastelain, B\u00e9n\u00e9dictin r\u00e9mois (1709-1782), avec ses Remarques sur la temp\u00e9rature et la vigne, suivies d&rsquo;un autre Journal et d&rsquo;observations analogues jusqu&rsquo;en 1848<\/em>\u00ab\u00a0, publi\u00e9s par Henri Jadart. Reims, F. Michaud, un volume in-8<\/td>\n<td style=\"width: 13.6763%;\" width=\"83\">1902<\/td>\n<\/tr>\n<tr>\n<td style=\"width: 33.9345%;\" width=\"173\"><strong>GIVELET, Charles\u00a0&#8211;\u00a0JADART, Henri\u00a0&#8211; DEMAISON, Louis<\/strong><\/td>\n<td style=\"width: 51.1347%;\" width=\"270\">&#8211; 1er Fascicule &#8211; \u00ab\u00a0<em>R\u00e9pertoire arch\u00e9ologique de l&rsquo;Arrondissement de Reims, publi\u00e9 sous les auspices de l&rsquo;Acad\u00e9mie de Reims &#8211; 1er Fascicule : Communes rurales des Trois Cantons de Reims<\/em>\u00ab\u00a0. Reims, F. Michaud, Editeur de l&rsquo;Acad\u00e9mie (23 rue du Cadran-Saint-Pierre), un volume, gd in-8<\/td>\n<td style=\"width: 13.6763%;\" width=\"83\">1885<\/td>\n<\/tr>\n<tr>\n<td style=\"width: 33.9345%;\" width=\"173\"><strong>GIVELET, Charles\u00a0&#8211; JADART, Henri\u00a0&#8211; DEMAISON, Louis<\/strong><\/td>\n<td style=\"width: 51.1347%;\" width=\"270\">&#8211; 1er Fascicule (R\u00e9\u00e9dition revue, corrig\u00e9e et augment\u00e9e) &#8211; \u00ab\u00a0<em>R\u00e9pertoire arch\u00e9ologique de l&rsquo;Arrondissement de Reims, publi\u00e9 sous les auspices de l&rsquo;Acad\u00e9mie de Reims &#8211; 1er Fascicule : Communes rurales des Cantons de Reims<\/em>\u00ab\u00a0, un volume, gd in-8<\/td>\n<td style=\"width: 13.6763%;\" width=\"83\">1891<\/td>\n<\/tr>\n<tr>\n<td style=\"width: 33.9345%;\" width=\"173\"><strong>GIVELET, Charles\u00a0&#8211;\u00a0JADART, Henri\u00a0&#8211; DEMAISON, Louis<\/strong><\/td>\n<td style=\"width: 51.1347%;\" width=\"270\">&#8211; 2\u00e8me Fascicule &#8211; \u00ab\u00a0<em>R\u00e9pertoire arch\u00e9ologique de l&rsquo;Arrondissement de Reims, publi\u00e9 sous les auspices de l&rsquo;Acad\u00e9mie de Reims &#8211; Deuxi\u00e8me Fascicule : Ville de Reims &#8211; I<\/em>, Monuments religieux &#8211; \u00a7 1- Paroisses Reims, F. Michaud, Librairie Ancienne et Moderne, Libraire de l&rsquo;Acad\u00e9mie (23 rue du Cadran-Saint-Pierre), un volume, gd in-8<\/td>\n<td style=\"width: 13.6763%;\" width=\"83\">1889<\/td>\n<\/tr>\n<tr>\n<td style=\"width: 33.9345%;\" width=\"173\"><strong>GIVELET, Charles\u00a0&#8211; JADART, Henri\u00a0&#8211; DEMAISON, Louis<\/strong><\/td>\n<td style=\"width: 51.1347%;\" width=\"270\">&#8211; 9\u00e8me Fascicule &#8211; \u00ab\u00a0<em>R\u00e9pertoire arch\u00e9ologique de l&rsquo;Arrondissement de Reims, publi\u00e9 sous les auspices de l&rsquo;Acad\u00e9mie de Reims &#8211; Neuvi\u00e8me fascicule &#8211; Canton d&rsquo;A\u00ff.<\/em> Reims, F. Michaud, Librairie Ancienne et Moderne, Editeur de l&rsquo;Acad\u00e9mie (19 rue du Cadran-Saint-Pierre), un volume, gd in-8<\/td>\n<td style=\"width: 13.6763%;\" width=\"83\">1892<\/td>\n<\/tr>\n<tr>\n<td style=\"width: 33.9345%;\" width=\"173\"><strong>GIVELET, Charles\u00a0&#8211;\u00a0\u00a0JADART, Henri\u00a0&#8211; DEMAISON, Louis<\/strong><\/td>\n<td style=\"width: 51.1347%;\" width=\"270\">&#8211; 10\u00e8me Fascicule &#8211; \u00ab\u00a0<em>R\u00e9pertoire arch\u00e9ologique de l&rsquo;Arrondissement de Reims, publi\u00e9 sous les auspices de l&rsquo;Acad\u00e9mie de Reims &#8211; Dixi\u00e8me fascicule &#8211; Canton de Beine<\/em> Reims, F. Michaud, Librairie Ancienne et Moderne, Editeur de l&rsquo;Acad\u00e9mie (19 rue du Cadran-Saint-Pierre), un volume, gd in-8<\/td>\n<td style=\"width: 13.6763%;\" width=\"83\">1900<\/td>\n<\/tr>\n<tr>\n<td style=\"width: 33.9345%;\" width=\"173\"><strong>DEMAISON, Louis et\u00a0 JADART, Henri\u00a0\u00a0\u00a0<\/strong><\/td>\n<td style=\"width: 51.1347%;\" width=\"270\">&#8211; 11\u00e8me Fascicule &#8211; \u00ab\u00a0<em>R\u00e9pertoire arch\u00e9ologique de l&rsquo;Arrondissement de Reims, publi\u00e9 sous les auspices de l&rsquo;Acad\u00e9mie de Reims &#8211; Canton de Bourgogne (Premi\u00e8re partie)<\/em>\u00ab\u00a0Reims, L. Michaud, Librairie Ancienne et Moderne, Editeur de l&rsquo;Acad\u00e9mie (19 rue du Cadran-Saint-Pierre), un volume, gd in-8<\/td>\n<td style=\"width: 13.6763%;\" width=\"83\">1911<\/td>\n<\/tr>\n<tr>\n<td style=\"width: 33.9345%;\" width=\"173\"><strong>DEMAISON, Louis\u00a0et JADART, Henri\u00a0\u00a0\u00a0<\/strong><\/td>\n<td style=\"width: 51.1347%;\" width=\"270\">&#8211; 11\u00e8me Fascicule, 2\u00e8me partie &#8211; \u00ab\u00a0<em>R\u00e9pertoire arch\u00e9ologique de l&rsquo;Arrondissement de Reims, publi\u00e9 sous les auspices de l&rsquo;Acad\u00e9mie de Reims &#8211; Canton de Bourgogne (Deuxi\u00e8me partie)<\/em>\u00ab\u00a0, Reims, L. Michaud, Librairie Ancienne et Moderne (19 rue du Cadran-Saint-Pierre), un volume, gd in-8<\/td>\n<td style=\"width: 13.6763%;\" width=\"83\">1933<\/td>\n<\/tr>\n<\/tbody>\n<\/table>\n<p style=\"text-align: center;\">\u00a0<\/p>\n\n","protected":false},"excerpt":{"rendered":"<p>Publications L&rsquo;Acad\u00e9mie nationale de Reims publie des volumes de Travaux et des Annales. Premier volume publi\u00e9 en 1844 De 1843 \u00e0 1902, elle publie des documents in\u00e9dits tir\u00e9s de la Biblioth\u00e8que de Reims sous la direction de Charles LORIQUET (conservateur de la Biblioth\u00e8que et des archives de Reims) et continu\u00e9s par les Membres de l&rsquo;Acad\u00e9mie [&hellip;]<\/p>\n","protected":false},"author":1,"featured_media":0,"parent":0,"menu_order":4,"comment_status":"closed","ping_status":"closed","template":"","meta":{"_mi_skip_tracking":false},"yoast_head":"<!-- This site is optimized with the Yoast SEO plugin v20.4 - https:\/\/yoast.com\/wordpress\/plugins\/seo\/ -->\n<title>Publications - Acad\u00e9mie nationale de Reims<\/title>\n<meta name=\"robots\" content=\"index, follow, max-snippet:-1, max-image-preview:large, max-video-preview:-1\" \/>\n<link rel=\"canonical\" href=\"http:\/\/academie-nationale-reims.fr\/index.php\/publications\/\" \/>\n<meta property=\"og:locale\" content=\"fr_FR\" \/>\n<meta property=\"og:type\" content=\"article\" \/>\n<meta property=\"og:title\" content=\"Publications - Acad\u00e9mie nationale de Reims\" \/>\n<meta property=\"og:description\" content=\"Publications L&rsquo;Acad\u00e9mie nationale de Reims publie des volumes de Travaux et des Annales. Premier volume publi\u00e9 en 1844 De 1843 \u00e0 1902, elle publie des documents in\u00e9dits tir\u00e9s de la Biblioth\u00e8que de Reims sous la direction de Charles LORIQUET (conservateur de la Biblioth\u00e8que et des archives de Reims) et continu\u00e9s par les Membres de l&rsquo;Acad\u00e9mie [&hellip;]\" \/>\n<meta property=\"og:url\" content=\"http:\/\/academie-nationale-reims.fr\/index.php\/publications\/\" \/>\n<meta property=\"og:site_name\" content=\"Acad\u00e9mie nationale de Reims\" \/>\n<meta property=\"article:modified_time\" content=\"2023-03-30T17:19:14+00:00\" \/>\n<meta property=\"og:image\" content=\"http:\/\/academie-nationale-reims.fr\/wp-content\/uploads\/2023\/03\/cadre-etiquette-publications.png\" \/>\n<meta name=\"twitter:card\" content=\"summary_large_image\" \/>\n<meta name=\"twitter:label1\" content=\"Dur\u00e9e de lecture estim\u00e9e\" \/>\n\t<meta name=\"twitter:data1\" content=\"7 minutes\" \/>\n<script type=\"application\/ld+json\" class=\"yoast-schema-graph\">{\"@context\":\"https:\/\/schema.org\",\"@graph\":[{\"@type\":\"WebPage\",\"@id\":\"http:\/\/academie-nationale-reims.fr\/index.php\/publications\/\",\"url\":\"http:\/\/academie-nationale-reims.fr\/index.php\/publications\/\",\"name\":\"Publications - Acad\u00e9mie nationale de Reims\",\"isPartOf\":{\"@id\":\"https:\/\/academie-nationale-reims.fr\/#website\"},\"datePublished\":\"2015-09-12T11:46:19+00:00\",\"dateModified\":\"2023-03-30T17:19:14+00:00\",\"breadcrumb\":{\"@id\":\"http:\/\/academie-nationale-reims.fr\/index.php\/publications\/#breadcrumb\"},\"inLanguage\":\"fr-FR\",\"potentialAction\":[{\"@type\":\"ReadAction\",\"target\":[\"http:\/\/academie-nationale-reims.fr\/index.php\/publications\/\"]}]},{\"@type\":\"BreadcrumbList\",\"@id\":\"http:\/\/academie-nationale-reims.fr\/index.php\/publications\/#breadcrumb\",\"itemListElement\":[{\"@type\":\"ListItem\",\"position\":1,\"name\":\"Accueil\",\"item\":\"https:\/\/academie-nationale-reims.fr\/\"},{\"@type\":\"ListItem\",\"position\":2,\"name\":\"Publications\"}]},{\"@type\":\"WebSite\",\"@id\":\"https:\/\/academie-nationale-reims.fr\/#website\",\"url\":\"https:\/\/academie-nationale-reims.fr\/\",\"name\":\"Acad\u00e9mie nationale de Reims\",\"description\":\"Ce site est en cours d\u2019am\u00e9nagements\",\"publisher\":{\"@id\":\"https:\/\/academie-nationale-reims.fr\/#organization\"},\"potentialAction\":[{\"@type\":\"SearchAction\",\"target\":{\"@type\":\"EntryPoint\",\"urlTemplate\":\"https:\/\/academie-nationale-reims.fr\/?s={search_term_string}\"},\"query-input\":\"required name=search_term_string\"}],\"inLanguage\":\"fr-FR\"},{\"@type\":\"Organization\",\"@id\":\"https:\/\/academie-nationale-reims.fr\/#organization\",\"name\":\"Acad\u00e9mie nationale de Reims\",\"url\":\"https:\/\/academie-nationale-reims.fr\/\",\"logo\":{\"@type\":\"ImageObject\",\"inLanguage\":\"fr-FR\",\"@id\":\"https:\/\/academie-nationale-reims.fr\/#\/schema\/logo\/image\/\",\"url\":\"https:\/\/academie-nationale-reims.fr\/wp-content\/uploads\/2023\/03\/logo.png\",\"contentUrl\":\"https:\/\/academie-nationale-reims.fr\/wp-content\/uploads\/2023\/03\/logo.png\",\"width\":2038,\"height\":426,\"caption\":\"Acad\u00e9mie nationale de Reims\"},\"image\":{\"@id\":\"https:\/\/academie-nationale-reims.fr\/#\/schema\/logo\/image\/\"}}]}<\/script>\n<!-- \/ Yoast SEO plugin. -->","yoast_head_json":{"title":"Publications - Acad\u00e9mie nationale de Reims","robots":{"index":"index","follow":"follow","max-snippet":"max-snippet:-1","max-image-preview":"max-image-preview:large","max-video-preview":"max-video-preview:-1"},"canonical":"http:\/\/academie-nationale-reims.fr\/index.php\/publications\/","og_locale":"fr_FR","og_type":"article","og_title":"Publications - Acad\u00e9mie nationale de Reims","og_description":"Publications L&rsquo;Acad\u00e9mie nationale de Reims publie des volumes de Travaux et des Annales. Premier volume publi\u00e9 en 1844 De 1843 \u00e0 1902, elle publie des documents in\u00e9dits tir\u00e9s de la Biblioth\u00e8que de Reims sous la direction de Charles LORIQUET (conservateur de la Biblioth\u00e8que et des archives de Reims) et continu\u00e9s par les Membres de l&rsquo;Acad\u00e9mie [&hellip;]","og_url":"http:\/\/academie-nationale-reims.fr\/index.php\/publications\/","og_site_name":"Acad\u00e9mie nationale de Reims","article_modified_time":"2023-03-30T17:19:14+00:00","og_image":[{"url":"http:\/\/academie-nationale-reims.fr\/wp-content\/uploads\/2023\/03\/cadre-etiquette-publications.png"}],"twitter_card":"summary_large_image","twitter_misc":{"Dur\u00e9e de lecture estim\u00e9e":"7 minutes"},"schema":{"@context":"https:\/\/schema.org","@graph":[{"@type":"WebPage","@id":"http:\/\/academie-nationale-reims.fr\/index.php\/publications\/","url":"http:\/\/academie-nationale-reims.fr\/index.php\/publications\/","name":"Publications - Acad\u00e9mie nationale de Reims","isPartOf":{"@id":"https:\/\/academie-nationale-reims.fr\/#website"},"datePublished":"2015-09-12T11:46:19+00:00","dateModified":"2023-03-30T17:19:14+00:00","breadcrumb":{"@id":"http:\/\/academie-nationale-reims.fr\/index.php\/publications\/#breadcrumb"},"inLanguage":"fr-FR","potentialAction":[{"@type":"ReadAction","target":["http:\/\/academie-nationale-reims.fr\/index.php\/publications\/"]}]},{"@type":"BreadcrumbList","@id":"http:\/\/academie-nationale-reims.fr\/index.php\/publications\/#breadcrumb","itemListElement":[{"@type":"ListItem","position":1,"name":"Accueil","item":"https:\/\/academie-nationale-reims.fr\/"},{"@type":"ListItem","position":2,"name":"Publications"}]},{"@type":"WebSite","@id":"https:\/\/academie-nationale-reims.fr\/#website","url":"https:\/\/academie-nationale-reims.fr\/","name":"Acad\u00e9mie nationale de Reims","description":"Ce site est en cours d\u2019am\u00e9nagements","publisher":{"@id":"https:\/\/academie-nationale-reims.fr\/#organization"},"potentialAction":[{"@type":"SearchAction","target":{"@type":"EntryPoint","urlTemplate":"https:\/\/academie-nationale-reims.fr\/?s={search_term_string}"},"query-input":"required name=search_term_string"}],"inLanguage":"fr-FR"},{"@type":"Organization","@id":"https:\/\/academie-nationale-reims.fr\/#organization","name":"Acad\u00e9mie nationale de Reims","url":"https:\/\/academie-nationale-reims.fr\/","logo":{"@type":"ImageObject","inLanguage":"fr-FR","@id":"https:\/\/academie-nationale-reims.fr\/#\/schema\/logo\/image\/","url":"https:\/\/academie-nationale-reims.fr\/wp-content\/uploads\/2023\/03\/logo.png","contentUrl":"https:\/\/academie-nationale-reims.fr\/wp-content\/uploads\/2023\/03\/logo.png","width":2038,"height":426,"caption":"Acad\u00e9mie nationale de Reims"},"image":{"@id":"https:\/\/academie-nationale-reims.fr\/#\/schema\/logo\/image\/"}}]}},"_links":{"self":[{"href":"https:\/\/academie-nationale-reims.fr\/index.php\/wp-json\/wp\/v2\/pages\/17"}],"collection":[{"href":"https:\/\/academie-nationale-reims.fr\/index.php\/wp-json\/wp\/v2\/pages"}],"about":[{"href":"https:\/\/academie-nationale-reims.fr\/index.php\/wp-json\/wp\/v2\/types\/page"}],"author":[{"embeddable":true,"href":"https:\/\/academie-nationale-reims.fr\/index.php\/wp-json\/wp\/v2\/users\/1"}],"replies":[{"embeddable":true,"href":"https:\/\/academie-nationale-reims.fr\/index.php\/wp-json\/wp\/v2\/comments?post=17"}],"version-history":[{"count":11,"href":"https:\/\/academie-nationale-reims.fr\/index.php\/wp-json\/wp\/v2\/pages\/17\/revisions"}],"predecessor-version":[{"id":2363,"href":"https:\/\/academie-nationale-reims.fr\/index.php\/wp-json\/wp\/v2\/pages\/17\/revisions\/2363"}],"wp:attachment":[{"href":"https:\/\/academie-nationale-reims.fr\/index.php\/wp-json\/wp\/v2\/media?parent=17"}],"curies":[{"name":"wp","href":"https:\/\/api.w.org\/{rel}","templated":true}]}}