{"id":424,"date":"2016-01-26T20:22:39","date_gmt":"2016-01-26T19:22:39","guid":{"rendered":"http:\/\/academie-nationale-reims.fr\/?page_id=424"},"modified":"2025-01-30T11:27:40","modified_gmt":"2025-01-30T10:27:40","slug":"membres-titulaires","status":"publish","type":"page","link":"https:\/\/academie-nationale-reims.fr\/index.php\/presentation\/academiciens\/membres-titulaires\/","title":{"rendered":"Membres titulaires"},"content":{"rendered":"<h4>\u00a0<\/h4>\n<h2 style=\"text-align: center;\">MEMBRES TITULAIRES<\/h2>\n<h4><strong>L&rsquo; Acad\u00e9mie compte 40 fauteuils.<\/strong><\/h4>\n<h4 style=\"text-align: left;\"><strong>Chaque membre titulaire se voit attribuer un fauteuil \u00a0 \u00a0 \u00a0 \u00a0 \u00a0 \u00a0 \u00a0 \u00a0 \u00a0 \u00a0 \u00a0 \u00a0 \u00a0 \u00a0 \u00a0 \u00a0 \u00a0 \u00a0 \u00a0 \u00a0 \u00a0 \u00a0 \u00a0 \u00a0 \u00a0 \u00a0 \u00a0 \u00a0 \u00a0 \u00a0 <\/strong><strong>\u00a0<\/strong><\/h4>\n<h3 style=\"text-align: center;\"><span style=\"color: #ff0000;\">\u00a02025<\/span><\/h3>\n<table class=\" aligncenter\" style=\"width: 99.682998%; height: 1272px;\">\n<tbody>\n<tr>\n<td style=\"width: 100%;\">\n<table style=\"width: 123.068127%; height: 938px;\">\n<tbody>\n<tr style=\"height: 24px;\">\n<td style=\"width: 45.028419%; height: 24px;\"><strong>NOM<\/strong><\/td>\n<td style=\"width: 16.653936%; height: 24px;\"><strong>FAUTEUIL<\/strong><\/td>\n<td style=\"width: 19.862677%; height: 24px;\"><strong>ANN\u00c9E DE RECEPTION<\/strong><\/td>\n<td style=\"width: 68.806253%; height: 24px;\"><strong>PR\u00c9SIDENCE<\/strong><\/td>\n<\/tr>\n<tr style=\"height: 24px;\">\n<td style=\"width: 45.028419%; height: 24px;\"><strong>ABEL\u00c9 Christine<\/strong><\/td>\n<td style=\"width: 16.653936%; height: 24px;\">23<\/td>\n<td style=\"width: 19.862677%; height: 24px;\">2005<\/td>\n<td style=\"width: 68.806253%; height: 24px;\">2016<\/td>\n<\/tr>\n<tr style=\"height: 24px;\">\n<td style=\"width: 45.028419%; height: 24px;\"><strong>BAUDSON Maryse<\/strong><\/td>\n<td style=\"width: 16.653936%; height: 24px;\">25<\/td>\n<td style=\"width: 19.862677%; height: 24px;\">2022<\/td>\n<td style=\"width: 68.806253%; height: 24px;\">\u00a0<\/td>\n<\/tr>\n<tr style=\"height: 24px;\">\n<td style=\"width: 45.028419%; height: 24px;\"><strong>BONNET Fran\u00e7oise<\/strong><\/td>\n<td style=\"width: 16.653936%; height: 24px;\">6<\/td>\n<td style=\"width: 19.862677%; height: 24px;\">2021<\/td>\n<td style=\"width: 68.806253%; height: 24px;\">\u00a0<\/td>\n<\/tr>\n<tr style=\"height: 24px;\">\n<td style=\"width: 45.028419%; height: 26px;\"><strong>BOUDIER Jean-Louis<\/strong><\/td>\n<td style=\"width: 16.653936%; height: 26px;\">3<\/td>\n<td style=\"width: 19.862677%; height: 26px;\">2018<\/td>\n<td style=\"width: 68.806253%; height: 26px;\">\u00a0<\/td>\n<\/tr>\n<tr style=\"height: 27px;\">\n<td style=\"width: 45.028419%; height: 27px;\"><strong>BOUILLOT Kevin<\/strong><\/td>\n<td style=\"width: 16.653936%; height: 27px;\">34<\/td>\n<td style=\"width: 19.862677%; height: 27px;\">2025<\/td>\n<td style=\"width: 68.806253%; height: 27px;\">\u00a0<\/td>\n<\/tr>\n<tr style=\"height: 24px;\">\n<td style=\"width: 45.028419%; height: 24px;\"><strong>BOUREUX Jean-Pierre<\/strong><\/td>\n<td style=\"width: 16.653936%; height: 24px;\">18<\/td>\n<td style=\"width: 19.862677%; height: 24px;\">1994<\/td>\n<td style=\"width: 68.806253%; height: 24px;\">2008 \/ 2024<\/td>\n<\/tr>\n<tr style=\"height: 24px;\">\n<td style=\"width: 45.028419%; height: 24px;\"><strong>BRAU Augustin<\/strong><\/td>\n<td style=\"width: 16.653936%; height: 24px;\">12<\/td>\n<td style=\"width: 19.862677%; height: 24px;\">2011<\/td>\n<td style=\"width: 68.806253%; height: 24px;\">2022<\/td>\n<\/tr>\n<tr style=\"height: 24px;\">\n<td style=\"width: 45.028419%; height: 24px;\"><strong>CAUX Yves<\/strong><\/td>\n<td style=\"width: 16.653936%; height: 24px;\">10<\/td>\n<td style=\"width: 19.862677%; height: 24px;\">2019<\/td>\n<td style=\"width: 68.806253%; height: 24px;\">\u00a0<\/td>\n<\/tr>\n<tr style=\"height: 24px;\">\n<td style=\"width: 45.028419%; height: 24px;\"><strong>CHABAUD Herv\u00e9<\/strong><\/td>\n<td style=\"width: 16.653936%; height: 24px;\">1<\/td>\n<td style=\"width: 19.862677%; height: 24px;\">1985<\/td>\n<td style=\"width: 68.806253%; height: 24px;\">\u00a0<\/td>\n<\/tr>\n<tr style=\"height: 24px;\">\n<td style=\"width: 45.028419%; height: 24px;\"><strong>CHANARD Jacques<\/strong><\/td>\n<td style=\"width: 16.653936%; height: 24px;\">37<\/td>\n<td style=\"width: 19.862677%; height: 24px;\">2014<\/td>\n<td style=\"width: 68.806253%; height: 24px;\">2025<\/td>\n<\/tr>\n<tr style=\"height: 24px;\">\n<td style=\"width: 45.028419%; height: 24px;\"><strong>DARDENNES Jean-Joseph<\/strong><\/td>\n<td style=\"width: 16.653936%; height: 24px;\">11<\/td>\n<td style=\"width: 19.862677%; height: 24px;\">2016<\/td>\n<td style=\"width: 68.806253%; height: 24px;\">\u00a0<\/td>\n<\/tr>\n<tr style=\"height: 24px;\">\n<td style=\"width: 45.028419%; height: 24px;\"><strong>DEMOUY Patrick\u00a0<\/strong><\/td>\n<td style=\"width: 16.653936%; height: 24px;\">9<\/td>\n<td style=\"width: 19.862677%; height: 24px;\">1974<\/td>\n<td style=\"width: 68.806253%; height: 24px;\">2018<\/td>\n<\/tr>\n<tr style=\"height: 24px;\">\n<td style=\"width: 45.028419%; height: 24px;\"><strong>DORFFER Emmanuel<\/strong><\/td>\n<td style=\"width: 16.653936%; height: 24px;\">33<\/td>\n<td style=\"width: 19.862677%; height: 24px;\">2009<\/td>\n<td style=\"width: 68.806253%; height: 24px;\">2015 \/ 2023<\/td>\n<\/tr>\n<tr style=\"height: 24px;\">\n<td style=\"width: 45.028419%; height: 24px;\"><strong>FRANKART Roland<\/strong><\/td>\n<td style=\"width: 16.653936%; height: 24px;\">7<\/td>\n<td style=\"width: 19.862677%; height: 24px;\">2012<\/td>\n<td style=\"width: 68.806253%; height: 24px;\">\u00a0<\/td>\n<\/tr>\n<tr style=\"height: 54px;\">\n<td style=\"width: 45.028419%; height: 54px;\"><strong>GALAUD Nicolas<\/strong><\/td>\n<td style=\"width: 16.653936%; height: 54px;\">32<\/td>\n<td style=\"width: 19.862677%; height: 54px;\">1996- R\u00e9int 2025<\/td>\n<td style=\"width: 68.806253%; height: 54px;\">\u00a0<\/td>\n<\/tr>\n<tr style=\"height: 24px;\">\n<td style=\"width: 45.028419%; height: 24px;\"><strong>GELLE Fran\u00e7ois<\/strong><\/td>\n<td style=\"width: 16.653936%; height: 24px;\">22<\/td>\n<td style=\"width: 19.862677%; height: 24px;\">2021<\/td>\n<td style=\"width: 68.806253%; height: 24px;\">\u00a0<\/td>\n<\/tr>\n<tr style=\"height: 24px;\">\n<td style=\"width: 45.028419%; height: 24px;\"><strong>GRAND Maurice<\/strong><\/td>\n<td style=\"width: 16.653936%; height: 24px;\">4<\/td>\n<td style=\"width: 19.862677%; height: 24px;\">2018<\/td>\n<td style=\"width: 68.806253%; height: 24px;\">\u00a0<\/td>\n<\/tr>\n<tr style=\"height: 24px;\">\n<td style=\"width: 45.028419%; height: 24px;\"><strong>GUILBERT Sylvette<\/strong><\/td>\n<td style=\"width: 16.653936%; height: 24px;\">2<\/td>\n<td style=\"width: 19.862677%; height: 24px;\">1979<\/td>\n<td style=\"width: 68.806253%; height: 24px;\">1982<\/td>\n<\/tr>\n<tr style=\"height: 27px;\">\n<td style=\"width: 45.028419%; height: 27px;\"><strong>HAQUETTE Jean-Louis<\/strong><\/td>\n<td style=\"width: 16.653936%; height: 27px;\">14<\/td>\n<td style=\"width: 19.862677%; height: 27px;\">2024<\/td>\n<td style=\"width: 68.806253%; height: 27px;\">\u00a0<\/td>\n<\/tr>\n<tr style=\"height: 44px;\">\n<td style=\"width: 45.028419%; height: 26px;\"><strong>HENRION Christophe<\/strong><\/td>\n<td style=\"width: 16.653936%; height: 26px;\">26<\/td>\n<td style=\"width: 19.862677%; height: 26px;\">2020<\/td>\n<td style=\"width: 68.806253%; height: 26px;\">\u00a0<\/td>\n<\/tr>\n<tr style=\"height: 24px;\">\n<td style=\"width: 45.028419%; height: 24px;\"><strong>HOIZEY Dominique<\/strong><\/td>\n<td style=\"width: 16.653936%; height: 24px;\">5<\/td>\n<td style=\"width: 19.862677%; height: 24px;\">1979<\/td>\n<td style=\"width: 68.806253%; height: 24px;\">1995<\/td>\n<\/tr>\n<tr style=\"height: 24px;\">\n<td style=\"width: 45.028419%; height: 24px;\"><strong>HUSSON Jean-Pierre<\/strong><\/td>\n<td style=\"width: 16.653936%; height: 24px;\">20<\/td>\n<td style=\"width: 19.862677%; height: 24px;\">2012<\/td>\n<td style=\"width: 68.806253%; height: 24px;\">\u00a0<\/td>\n<\/tr>\n<tr style=\"height: 24px;\">\n<td style=\"width: 45.028419%; height: 24px;\"><strong>HUSSON Jocelyne<\/strong><\/td>\n<td style=\"width: 16.653936%; height: 24px;\">28<\/td>\n<td style=\"width: 19.862677%; height: 24px;\">2022<\/td>\n<td style=\"width: 68.806253%; height: 24px;\">\u00a0<\/td>\n<\/tr>\n<tr style=\"height: 24px;\">\n<td style=\"width: 45.028419%; height: 24px;\"><strong>KREBS Roland<\/strong><\/td>\n<td style=\"width: 16.653936%; height: 24px;\">13<\/td>\n<td style=\"width: 19.862677%; height: 24px;\">2019<\/td>\n<td style=\"width: 68.806253%; height: 24px;\">\u00a0<\/td>\n<\/tr>\n<tr style=\"height: 24px;\">\n<td style=\"width: 45.028419%; height: 24px;\"><strong>LEROY Francis<\/strong><\/td>\n<td style=\"width: 16.653936%; height: 24px;\">16<\/td>\n<td style=\"width: 19.862677%; height: 24px;\">2015<\/td>\n<td style=\"width: 68.806253%; height: 24px;\">\u00a0<\/td>\n<\/tr>\n<tr style=\"height: 24px;\">\n<td style=\"width: 45.028419%; height: 24px;\"><strong>MAES Bruno<\/strong><\/td>\n<td style=\"width: 16.653936%; height: 24px;\">19<\/td>\n<td style=\"width: 19.862677%; height: 24px;\">1995<\/td>\n<td style=\"width: 68.806253%; height: 24px;\">2006 \/ 2017<\/td>\n<\/tr>\n<tr style=\"height: 24px;\">\n<td style=\"width: 45.028419%; height: 24px;\"><strong>McKEE Denis<\/strong><\/td>\n<td style=\"width: 16.653936%; height: 24px;\">31<\/td>\n<td style=\"width: 19.862677%; height: 24px;\">2020<\/td>\n<td style=\"width: 68.806253%; height: 24px;\">\u00a0<\/td>\n<\/tr>\n<tr style=\"height: 24px;\">\n<td style=\"width: 45.028419%; height: 32px;\"><strong>N\u00c9OUZE Dominique<\/strong><\/td>\n<td style=\"width: 16.653936%; height: 32px;\">17<\/td>\n<td style=\"width: 19.862677%; height: 32px;\">1975<\/td>\n<td style=\"width: 68.806253%; height: 32px;\">1996<\/td>\n<\/tr>\n<tr style=\"height: 26px;\">\n<td style=\"width: 45.028419%; height: 26px;\"><strong>NEOUZE-BLOND Fran\u00e7oise<\/strong><\/td>\n<td style=\"width: 16.653936%; height: 26px;\">24<\/td>\n<td style=\"width: 19.862677%; height: 26px;\">1995<\/td>\n<td style=\"width: 68.806253%; height: 26px;\">2001\/2020-2021<\/td>\n<\/tr>\n<tr style=\"height: 24px;\">\n<td style=\"width: 45.028419%; height: 24px;\"><strong>NOUVION Aur\u00e9lien<\/strong><\/td>\n<td style=\"width: 16.653936%; height: 24px;\">29<\/td>\n<td style=\"width: 19.862677%; height: 24px;\">2022<\/td>\n<td style=\"width: 68.806253%; height: 24px;\">\u00a0<\/td>\n<\/tr>\n<tr style=\"height: 24px;\">\n<td style=\"width: 45.028419%; height: 24px;\"><strong>PELLOT Beno\u00eet<\/strong><\/td>\n<td style=\"width: 16.653936%; height: 24px;\">39<\/td>\n<td style=\"width: 19.862677%; height: 24px;\">2014<\/td>\n<td style=\"width: 68.806253%; height: 24px;\">\u00a0<\/td>\n<\/tr>\n<tr style=\"height: 24px;\">\n<td style=\"width: 45.028419%; height: 24px;\"><strong>RAVIER Chantal<\/strong><\/td>\n<td style=\"width: 16.653936%; height: 24px;\">27<\/td>\n<td style=\"width: 19.862677%; height: 24px;\">2023<\/td>\n<td style=\"width: 68.806253%; height: 24px;\">\u00a0<\/td>\n<\/tr>\n<tr style=\"height: 24px;\">\n<td style=\"width: 45.028419%; height: 24px;\"><strong>ROYER Michel<\/strong><\/td>\n<td style=\"width: 16.653936%; height: 24px;\">30<\/td>\n<td style=\"width: 19.862677%; height: 24px;\">2012<\/td>\n<td style=\"width: 68.806253%; height: 24px;\">2019<\/td>\n<\/tr>\n<tr style=\"height: 24px;\">\n<td style=\"width: 45.028419%; height: 24px;\"><strong>S\u00c9GAL Alain<\/strong><\/td>\n<td style=\"width: 16.653936%; height: 24px;\">8<\/td>\n<td style=\"width: 19.862677%; height: 24px;\">1983<\/td>\n<td style=\"width: 68.806253%; height: 24px;\">1984 \/2007<\/td>\n<\/tr>\n<tr style=\"height: 24px;\">\n<td style=\"width: 45.028419%; height: 24px;\"><strong>TOUPANCE Pierre-Dominique<\/strong><\/td>\n<td style=\"width: 16.653936%; height: 24px;\">21<\/td>\n<td style=\"width: 19.862677%; height: 24px;\">1969<\/td>\n<td style=\"width: 68.806253%; height: 24px;\">\u00a0<\/td>\n<\/tr>\n<tr style=\"height: 24px;\">\n<td style=\"width: 45.028419%; height: 24px;\"><strong>TOUZET Jean<\/strong><\/td>\n<td style=\"width: 16.653936%; height: 24px;\">15<\/td>\n<td style=\"width: 19.862677%; height: 24px;\">1987<\/td>\n<td style=\"width: 68.806253%; height: 24px;\">1990 \/2003<\/td>\n<\/tr>\n<\/tbody>\n<\/table>\n<\/td>\n<\/tr>\n<\/tbody>\n<\/table>\n\n","protected":false},"excerpt":{"rendered":"<p>\u00a0 MEMBRES TITULAIRES L&rsquo; Acad\u00e9mie compte 40 fauteuils. Chaque membre titulaire se voit attribuer un fauteuil \u00a0 \u00a0 \u00a0 \u00a0 \u00a0 \u00a0 \u00a0 \u00a0 \u00a0 \u00a0 \u00a0 \u00a0 \u00a0 \u00a0 \u00a0 \u00a0 \u00a0 \u00a0 \u00a0 \u00a0 \u00a0 \u00a0 \u00a0 \u00a0 \u00a0 \u00a0 \u00a0 \u00a0 \u00a0 \u00a0 \u00a0 \u00a02025 NOM FAUTEUIL ANN\u00c9E DE RECEPTION PR\u00c9SIDENCE ABEL\u00c9 [&hellip;]<\/p>\n","protected":false},"author":1,"featured_media":0,"parent":32,"menu_order":2,"comment_status":"closed","ping_status":"closed","template":"","meta":{"_mi_skip_tracking":false},"yoast_head":"<!-- This site is optimized with the Yoast SEO plugin v20.4 - https:\/\/yoast.com\/wordpress\/plugins\/seo\/ -->\n<title>Membres titulaires - Acad\u00e9mie nationale de Reims<\/title>\n<meta name=\"robots\" content=\"index, follow, max-snippet:-1, max-image-preview:large, max-video-preview:-1\" \/>\n<link rel=\"canonical\" href=\"http:\/\/academie-nationale-reims.fr\/index.php\/presentation\/academiciens\/membres-titulaires\/\" \/>\n<meta property=\"og:locale\" content=\"fr_FR\" \/>\n<meta property=\"og:type\" content=\"article\" \/>\n<meta property=\"og:title\" content=\"Membres titulaires - Acad\u00e9mie nationale de Reims\" \/>\n<meta property=\"og:description\" content=\"\u00a0 MEMBRES TITULAIRES L&rsquo; Acad\u00e9mie compte 40 fauteuils. Chaque membre titulaire se voit attribuer un fauteuil \u00a0 \u00a0 \u00a0 \u00a0 \u00a0 \u00a0 \u00a0 \u00a0 \u00a0 \u00a0 \u00a0 \u00a0 \u00a0 \u00a0 \u00a0 \u00a0 \u00a0 \u00a0 \u00a0 \u00a0 \u00a0 \u00a0 \u00a0 \u00a0 \u00a0 \u00a0 \u00a0 \u00a0 \u00a0 \u00a0 \u00a0 \u00a02025 NOM FAUTEUIL ANN\u00c9E DE RECEPTION PR\u00c9SIDENCE ABEL\u00c9 [&hellip;]\" \/>\n<meta property=\"og:url\" content=\"http:\/\/academie-nationale-reims.fr\/index.php\/presentation\/academiciens\/membres-titulaires\/\" \/>\n<meta property=\"og:site_name\" content=\"Acad\u00e9mie nationale de Reims\" \/>\n<meta property=\"article:modified_time\" content=\"2025-01-30T10:27:40+00:00\" \/>\n<meta name=\"twitter:card\" content=\"summary_large_image\" \/>\n<meta name=\"twitter:label1\" content=\"Dur\u00e9e de lecture estim\u00e9e\" \/>\n\t<meta name=\"twitter:data1\" content=\"1 minute\" \/>\n<script type=\"application\/ld+json\" class=\"yoast-schema-graph\">{\"@context\":\"https:\/\/schema.org\",\"@graph\":[{\"@type\":\"WebPage\",\"@id\":\"http:\/\/academie-nationale-reims.fr\/index.php\/presentation\/academiciens\/membres-titulaires\/\",\"url\":\"http:\/\/academie-nationale-reims.fr\/index.php\/presentation\/academiciens\/membres-titulaires\/\",\"name\":\"Membres titulaires - Acad\u00e9mie nationale de Reims\",\"isPartOf\":{\"@id\":\"https:\/\/academie-nationale-reims.fr\/#website\"},\"datePublished\":\"2016-01-26T19:22:39+00:00\",\"dateModified\":\"2025-01-30T10:27:40+00:00\",\"breadcrumb\":{\"@id\":\"http:\/\/academie-nationale-reims.fr\/index.php\/presentation\/academiciens\/membres-titulaires\/#breadcrumb\"},\"inLanguage\":\"fr-FR\",\"potentialAction\":[{\"@type\":\"ReadAction\",\"target\":[\"http:\/\/academie-nationale-reims.fr\/index.php\/presentation\/academiciens\/membres-titulaires\/\"]}]},{\"@type\":\"BreadcrumbList\",\"@id\":\"http:\/\/academie-nationale-reims.fr\/index.php\/presentation\/academiciens\/membres-titulaires\/#breadcrumb\",\"itemListElement\":[{\"@type\":\"ListItem\",\"position\":1,\"name\":\"Accueil\",\"item\":\"https:\/\/academie-nationale-reims.fr\/\"},{\"@type\":\"ListItem\",\"position\":2,\"name\":\"L&rsquo;Acad\u00e9mie\",\"item\":\"http:\/\/academie-nationale-reims.fr\/index.php\/presentation\/\"},{\"@type\":\"ListItem\",\"position\":3,\"name\":\"Acad\u00e9miciens\",\"item\":\"https:\/\/academie-nationale-reims.fr\/index.php\/presentation\/academiciens\/\"},{\"@type\":\"ListItem\",\"position\":4,\"name\":\"Membres titulaires\"}]},{\"@type\":\"WebSite\",\"@id\":\"https:\/\/academie-nationale-reims.fr\/#website\",\"url\":\"https:\/\/academie-nationale-reims.fr\/\",\"name\":\"Acad\u00e9mie nationale de Reims\",\"description\":\"Ce site est en cours d\u2019am\u00e9nagements\",\"publisher\":{\"@id\":\"https:\/\/academie-nationale-reims.fr\/#organization\"},\"potentialAction\":[{\"@type\":\"SearchAction\",\"target\":{\"@type\":\"EntryPoint\",\"urlTemplate\":\"https:\/\/academie-nationale-reims.fr\/?s={search_term_string}\"},\"query-input\":\"required name=search_term_string\"}],\"inLanguage\":\"fr-FR\"},{\"@type\":\"Organization\",\"@id\":\"https:\/\/academie-nationale-reims.fr\/#organization\",\"name\":\"Acad\u00e9mie nationale de Reims\",\"url\":\"https:\/\/academie-nationale-reims.fr\/\",\"logo\":{\"@type\":\"ImageObject\",\"inLanguage\":\"fr-FR\",\"@id\":\"https:\/\/academie-nationale-reims.fr\/#\/schema\/logo\/image\/\",\"url\":\"https:\/\/academie-nationale-reims.fr\/wp-content\/uploads\/2023\/03\/logo.png\",\"contentUrl\":\"https:\/\/academie-nationale-reims.fr\/wp-content\/uploads\/2023\/03\/logo.png\",\"width\":2038,\"height\":426,\"caption\":\"Acad\u00e9mie nationale de Reims\"},\"image\":{\"@id\":\"https:\/\/academie-nationale-reims.fr\/#\/schema\/logo\/image\/\"}}]}<\/script>\n<!-- \/ Yoast SEO plugin. -->","yoast_head_json":{"title":"Membres titulaires - Acad\u00e9mie nationale de Reims","robots":{"index":"index","follow":"follow","max-snippet":"max-snippet:-1","max-image-preview":"max-image-preview:large","max-video-preview":"max-video-preview:-1"},"canonical":"http:\/\/academie-nationale-reims.fr\/index.php\/presentation\/academiciens\/membres-titulaires\/","og_locale":"fr_FR","og_type":"article","og_title":"Membres titulaires - Acad\u00e9mie nationale de Reims","og_description":"\u00a0 MEMBRES TITULAIRES L&rsquo; Acad\u00e9mie compte 40 fauteuils. Chaque membre titulaire se voit attribuer un fauteuil \u00a0 \u00a0 \u00a0 \u00a0 \u00a0 \u00a0 \u00a0 \u00a0 \u00a0 \u00a0 \u00a0 \u00a0 \u00a0 \u00a0 \u00a0 \u00a0 \u00a0 \u00a0 \u00a0 \u00a0 \u00a0 \u00a0 \u00a0 \u00a0 \u00a0 \u00a0 \u00a0 \u00a0 \u00a0 \u00a0 \u00a0 \u00a02025 NOM FAUTEUIL ANN\u00c9E DE RECEPTION PR\u00c9SIDENCE ABEL\u00c9 [&hellip;]","og_url":"http:\/\/academie-nationale-reims.fr\/index.php\/presentation\/academiciens\/membres-titulaires\/","og_site_name":"Acad\u00e9mie nationale de Reims","article_modified_time":"2025-01-30T10:27:40+00:00","twitter_card":"summary_large_image","twitter_misc":{"Dur\u00e9e de lecture estim\u00e9e":"1 minute"},"schema":{"@context":"https:\/\/schema.org","@graph":[{"@type":"WebPage","@id":"http:\/\/academie-nationale-reims.fr\/index.php\/presentation\/academiciens\/membres-titulaires\/","url":"http:\/\/academie-nationale-reims.fr\/index.php\/presentation\/academiciens\/membres-titulaires\/","name":"Membres titulaires - Acad\u00e9mie nationale de Reims","isPartOf":{"@id":"https:\/\/academie-nationale-reims.fr\/#website"},"datePublished":"2016-01-26T19:22:39+00:00","dateModified":"2025-01-30T10:27:40+00:00","breadcrumb":{"@id":"http:\/\/academie-nationale-reims.fr\/index.php\/presentation\/academiciens\/membres-titulaires\/#breadcrumb"},"inLanguage":"fr-FR","potentialAction":[{"@type":"ReadAction","target":["http:\/\/academie-nationale-reims.fr\/index.php\/presentation\/academiciens\/membres-titulaires\/"]}]},{"@type":"BreadcrumbList","@id":"http:\/\/academie-nationale-reims.fr\/index.php\/presentation\/academiciens\/membres-titulaires\/#breadcrumb","itemListElement":[{"@type":"ListItem","position":1,"name":"Accueil","item":"https:\/\/academie-nationale-reims.fr\/"},{"@type":"ListItem","position":2,"name":"L&rsquo;Acad\u00e9mie","item":"http:\/\/academie-nationale-reims.fr\/index.php\/presentation\/"},{"@type":"ListItem","position":3,"name":"Acad\u00e9miciens","item":"https:\/\/academie-nationale-reims.fr\/index.php\/presentation\/academiciens\/"},{"@type":"ListItem","position":4,"name":"Membres titulaires"}]},{"@type":"WebSite","@id":"https:\/\/academie-nationale-reims.fr\/#website","url":"https:\/\/academie-nationale-reims.fr\/","name":"Acad\u00e9mie nationale de Reims","description":"Ce site est en cours d\u2019am\u00e9nagements","publisher":{"@id":"https:\/\/academie-nationale-reims.fr\/#organization"},"potentialAction":[{"@type":"SearchAction","target":{"@type":"EntryPoint","urlTemplate":"https:\/\/academie-nationale-reims.fr\/?s={search_term_string}"},"query-input":"required name=search_term_string"}],"inLanguage":"fr-FR"},{"@type":"Organization","@id":"https:\/\/academie-nationale-reims.fr\/#organization","name":"Acad\u00e9mie nationale de Reims","url":"https:\/\/academie-nationale-reims.fr\/","logo":{"@type":"ImageObject","inLanguage":"fr-FR","@id":"https:\/\/academie-nationale-reims.fr\/#\/schema\/logo\/image\/","url":"https:\/\/academie-nationale-reims.fr\/wp-content\/uploads\/2023\/03\/logo.png","contentUrl":"https:\/\/academie-nationale-reims.fr\/wp-content\/uploads\/2023\/03\/logo.png","width":2038,"height":426,"caption":"Acad\u00e9mie nationale de Reims"},"image":{"@id":"https:\/\/academie-nationale-reims.fr\/#\/schema\/logo\/image\/"}}]}},"_links":{"self":[{"href":"https:\/\/academie-nationale-reims.fr\/index.php\/wp-json\/wp\/v2\/pages\/424"}],"collection":[{"href":"https:\/\/academie-nationale-reims.fr\/index.php\/wp-json\/wp\/v2\/pages"}],"about":[{"href":"https:\/\/academie-nationale-reims.fr\/index.php\/wp-json\/wp\/v2\/types\/page"}],"author":[{"embeddable":true,"href":"https:\/\/academie-nationale-reims.fr\/index.php\/wp-json\/wp\/v2\/users\/1"}],"replies":[{"embeddable":true,"href":"https:\/\/academie-nationale-reims.fr\/index.php\/wp-json\/wp\/v2\/comments?post=424"}],"version-history":[{"count":66,"href":"https:\/\/academie-nationale-reims.fr\/index.php\/wp-json\/wp\/v2\/pages\/424\/revisions"}],"predecessor-version":[{"id":2809,"href":"https:\/\/academie-nationale-reims.fr\/index.php\/wp-json\/wp\/v2\/pages\/424\/revisions\/2809"}],"up":[{"embeddable":true,"href":"https:\/\/academie-nationale-reims.fr\/index.php\/wp-json\/wp\/v2\/pages\/32"}],"wp:attachment":[{"href":"https:\/\/academie-nationale-reims.fr\/index.php\/wp-json\/wp\/v2\/media?parent=424"}],"curies":[{"name":"wp","href":"https:\/\/api.w.org\/{rel}","templated":true}]}}