{"id":60,"date":"2015-09-12T12:01:05","date_gmt":"2015-09-12T12:01:05","guid":{"rendered":"http:\/\/anr2-1.nanopikz.com\/?page_id=60"},"modified":"2016-06-29T13:59:55","modified_gmt":"2016-06-29T12:59:55","slug":"annales","status":"publish","type":"page","link":"https:\/\/academie-nationale-reims.fr\/index.php\/publications\/annales\/","title":{"rendered":"Annales"},"content":{"rendered":"<p style=\"text-align: justify;\">A l\u2019initiative et gr\u00e2ce au concours financier initial du Docteur Pierre Germain, un fascicule compl\u00e9mentaire para\u00eet chaque ann\u00e9e, depuis 1985, sous le titre d\u2019<em>Annales de l\u2019Acad\u00e9mie Nationale de Reims<\/em>. En effet, la p\u00e9riodicit\u00e9 r\u00e9guli\u00e8re de la parution des <em>Travaux<\/em> n\u2019\u00e9tant plus assur\u00e9e, il s\u2019est av\u00e9r\u00e9 souhaitable n\u00e9anmoins d\u2019entretenir le contact avec les membres, de conserver la m\u00e9moire de la composition comme des activit\u00e9s de la \u00ab\u00a0Compagnie\u00a0\u00bb. Par ailleurs, la th\u00e9matique retenue pour certains volumes ne permettait pas de publier, chronologiquement et int\u00e9gralement, le texte de communications qui m\u00e9ritaient pourtant qu\u2019on en garde trace.<\/p>\n<p style=\"text-align: justify;\">Les <em>Annales<\/em> permettent ainsi de pr\u00e9senter le compte rendu des s\u00e9ances statutaires, le r\u00e9sum\u00e9 des communications non publi\u00e9es dans les <em>Travaux<\/em>, les discours et \u00e9loges fun\u00e8bres qui ont marqu\u00e9 l\u2019ann\u00e9e acad\u00e9mique, la chronique des ouvrages (livres, revues, bulletin des soci\u00e9t\u00e9s correspondantes) d\u00e9pos\u00e9s \u00e0 l\u2019Acad\u00e9mie et la mise \u00e0 jour de la liste des membres.<\/p>\n<p style=\"text-align: justify;\">A partir de 2016, il a \u00e9t\u00e9 d\u00e9cid\u00e9 de publier les <em>Annales<\/em> dans le volume des <em>Travaux de l\u2019Acad\u00e9mie de Reims.<\/em><\/p>\n<p style=\"text-align: justify;\">Les <em>Annales<\/em> sont destin\u00e9es \u00e0 tous les membres \u00e0 jour de leur contribution annuelle et sont toujours en vente au prix de 5 euros. Merci de nous <a href=\"http:\/\/academie-nationale-reims.fr\/index.php\/contact\/\" target=\"_blank\">contacter<\/a>.<\/p>\n<p style=\"text-align: justify;\"><em>\u00a0<\/em><\/p>\n<p style=\"text-align: justify;\">\n","protected":false},"excerpt":{"rendered":"<p>A l\u2019initiative et gr\u00e2ce au concours financier initial du Docteur Pierre Germain, un fascicule compl\u00e9mentaire para\u00eet chaque ann\u00e9e, depuis 1985, sous le titre d\u2019Annales de l\u2019Acad\u00e9mie Nationale de Reims. En effet, la p\u00e9riodicit\u00e9 r\u00e9guli\u00e8re de la parution des Travaux n\u2019\u00e9tant plus assur\u00e9e, il s\u2019est av\u00e9r\u00e9 souhaitable n\u00e9anmoins d\u2019entretenir le contact avec les membres, de conserver [&hellip;]<\/p>\n","protected":false},"author":1,"featured_media":0,"parent":17,"menu_order":1,"comment_status":"closed","ping_status":"closed","template":"","meta":{"_mi_skip_tracking":false},"yoast_head":"<!-- This site is optimized with the Yoast SEO plugin v20.4 - https:\/\/yoast.com\/wordpress\/plugins\/seo\/ -->\n<title>Annales - Acad\u00e9mie nationale de Reims<\/title>\n<meta name=\"robots\" content=\"index, follow, max-snippet:-1, max-image-preview:large, max-video-preview:-1\" \/>\n<link rel=\"canonical\" href=\"http:\/\/academie-nationale-reims.fr\/index.php\/publications\/annales\/\" \/>\n<meta property=\"og:locale\" content=\"fr_FR\" \/>\n<meta property=\"og:type\" content=\"article\" \/>\n<meta property=\"og:title\" content=\"Annales - Acad\u00e9mie nationale de Reims\" \/>\n<meta property=\"og:description\" content=\"A l\u2019initiative et gr\u00e2ce au concours financier initial du Docteur Pierre Germain, un fascicule compl\u00e9mentaire para\u00eet chaque ann\u00e9e, depuis 1985, sous le titre d\u2019Annales de l\u2019Acad\u00e9mie Nationale de Reims. En effet, la p\u00e9riodicit\u00e9 r\u00e9guli\u00e8re de la parution des Travaux n\u2019\u00e9tant plus assur\u00e9e, il s\u2019est av\u00e9r\u00e9 souhaitable n\u00e9anmoins d\u2019entretenir le contact avec les membres, de conserver [&hellip;]\" \/>\n<meta property=\"og:url\" content=\"http:\/\/academie-nationale-reims.fr\/index.php\/publications\/annales\/\" \/>\n<meta property=\"og:site_name\" content=\"Acad\u00e9mie nationale de Reims\" \/>\n<meta property=\"article:modified_time\" content=\"2016-06-29T12:59:55+00:00\" \/>\n<meta name=\"twitter:card\" content=\"summary_large_image\" \/>\n<meta name=\"twitter:label1\" content=\"Dur\u00e9e de lecture estim\u00e9e\" \/>\n\t<meta name=\"twitter:data1\" content=\"1 minute\" \/>\n<script type=\"application\/ld+json\" class=\"yoast-schema-graph\">{\"@context\":\"https:\/\/schema.org\",\"@graph\":[{\"@type\":\"WebPage\",\"@id\":\"http:\/\/academie-nationale-reims.fr\/index.php\/publications\/annales\/\",\"url\":\"http:\/\/academie-nationale-reims.fr\/index.php\/publications\/annales\/\",\"name\":\"Annales - Acad\u00e9mie nationale de Reims\",\"isPartOf\":{\"@id\":\"https:\/\/academie-nationale-reims.fr\/#website\"},\"datePublished\":\"2015-09-12T12:01:05+00:00\",\"dateModified\":\"2016-06-29T12:59:55+00:00\",\"breadcrumb\":{\"@id\":\"http:\/\/academie-nationale-reims.fr\/index.php\/publications\/annales\/#breadcrumb\"},\"inLanguage\":\"fr-FR\",\"potentialAction\":[{\"@type\":\"ReadAction\",\"target\":[\"http:\/\/academie-nationale-reims.fr\/index.php\/publications\/annales\/\"]}]},{\"@type\":\"BreadcrumbList\",\"@id\":\"http:\/\/academie-nationale-reims.fr\/index.php\/publications\/annales\/#breadcrumb\",\"itemListElement\":[{\"@type\":\"ListItem\",\"position\":1,\"name\":\"Accueil\",\"item\":\"https:\/\/academie-nationale-reims.fr\/\"},{\"@type\":\"ListItem\",\"position\":2,\"name\":\"Publications\",\"item\":\"http:\/\/academie-nationale-reims.fr\/index.php\/publications\/\"},{\"@type\":\"ListItem\",\"position\":3,\"name\":\"Annales\"}]},{\"@type\":\"WebSite\",\"@id\":\"https:\/\/academie-nationale-reims.fr\/#website\",\"url\":\"https:\/\/academie-nationale-reims.fr\/\",\"name\":\"Acad\u00e9mie nationale de Reims\",\"description\":\"Ce site est en cours d\u2019am\u00e9nagements\",\"publisher\":{\"@id\":\"https:\/\/academie-nationale-reims.fr\/#organization\"},\"potentialAction\":[{\"@type\":\"SearchAction\",\"target\":{\"@type\":\"EntryPoint\",\"urlTemplate\":\"https:\/\/academie-nationale-reims.fr\/?s={search_term_string}\"},\"query-input\":\"required name=search_term_string\"}],\"inLanguage\":\"fr-FR\"},{\"@type\":\"Organization\",\"@id\":\"https:\/\/academie-nationale-reims.fr\/#organization\",\"name\":\"Acad\u00e9mie nationale de Reims\",\"url\":\"https:\/\/academie-nationale-reims.fr\/\",\"logo\":{\"@type\":\"ImageObject\",\"inLanguage\":\"fr-FR\",\"@id\":\"https:\/\/academie-nationale-reims.fr\/#\/schema\/logo\/image\/\",\"url\":\"https:\/\/academie-nationale-reims.fr\/wp-content\/uploads\/2023\/03\/logo.png\",\"contentUrl\":\"https:\/\/academie-nationale-reims.fr\/wp-content\/uploads\/2023\/03\/logo.png\",\"width\":2038,\"height\":426,\"caption\":\"Acad\u00e9mie nationale de Reims\"},\"image\":{\"@id\":\"https:\/\/academie-nationale-reims.fr\/#\/schema\/logo\/image\/\"}}]}<\/script>\n<!-- \/ Yoast SEO plugin. -->","yoast_head_json":{"title":"Annales - Acad\u00e9mie nationale de Reims","robots":{"index":"index","follow":"follow","max-snippet":"max-snippet:-1","max-image-preview":"max-image-preview:large","max-video-preview":"max-video-preview:-1"},"canonical":"http:\/\/academie-nationale-reims.fr\/index.php\/publications\/annales\/","og_locale":"fr_FR","og_type":"article","og_title":"Annales - Acad\u00e9mie nationale de Reims","og_description":"A l\u2019initiative et gr\u00e2ce au concours financier initial du Docteur Pierre Germain, un fascicule compl\u00e9mentaire para\u00eet chaque ann\u00e9e, depuis 1985, sous le titre d\u2019Annales de l\u2019Acad\u00e9mie Nationale de Reims. En effet, la p\u00e9riodicit\u00e9 r\u00e9guli\u00e8re de la parution des Travaux n\u2019\u00e9tant plus assur\u00e9e, il s\u2019est av\u00e9r\u00e9 souhaitable n\u00e9anmoins d\u2019entretenir le contact avec les membres, de conserver [&hellip;]","og_url":"http:\/\/academie-nationale-reims.fr\/index.php\/publications\/annales\/","og_site_name":"Acad\u00e9mie nationale de Reims","article_modified_time":"2016-06-29T12:59:55+00:00","twitter_card":"summary_large_image","twitter_misc":{"Dur\u00e9e de lecture estim\u00e9e":"1 minute"},"schema":{"@context":"https:\/\/schema.org","@graph":[{"@type":"WebPage","@id":"http:\/\/academie-nationale-reims.fr\/index.php\/publications\/annales\/","url":"http:\/\/academie-nationale-reims.fr\/index.php\/publications\/annales\/","name":"Annales - Acad\u00e9mie nationale de Reims","isPartOf":{"@id":"https:\/\/academie-nationale-reims.fr\/#website"},"datePublished":"2015-09-12T12:01:05+00:00","dateModified":"2016-06-29T12:59:55+00:00","breadcrumb":{"@id":"http:\/\/academie-nationale-reims.fr\/index.php\/publications\/annales\/#breadcrumb"},"inLanguage":"fr-FR","potentialAction":[{"@type":"ReadAction","target":["http:\/\/academie-nationale-reims.fr\/index.php\/publications\/annales\/"]}]},{"@type":"BreadcrumbList","@id":"http:\/\/academie-nationale-reims.fr\/index.php\/publications\/annales\/#breadcrumb","itemListElement":[{"@type":"ListItem","position":1,"name":"Accueil","item":"https:\/\/academie-nationale-reims.fr\/"},{"@type":"ListItem","position":2,"name":"Publications","item":"http:\/\/academie-nationale-reims.fr\/index.php\/publications\/"},{"@type":"ListItem","position":3,"name":"Annales"}]},{"@type":"WebSite","@id":"https:\/\/academie-nationale-reims.fr\/#website","url":"https:\/\/academie-nationale-reims.fr\/","name":"Acad\u00e9mie nationale de Reims","description":"Ce site est en cours d\u2019am\u00e9nagements","publisher":{"@id":"https:\/\/academie-nationale-reims.fr\/#organization"},"potentialAction":[{"@type":"SearchAction","target":{"@type":"EntryPoint","urlTemplate":"https:\/\/academie-nationale-reims.fr\/?s={search_term_string}"},"query-input":"required name=search_term_string"}],"inLanguage":"fr-FR"},{"@type":"Organization","@id":"https:\/\/academie-nationale-reims.fr\/#organization","name":"Acad\u00e9mie nationale de Reims","url":"https:\/\/academie-nationale-reims.fr\/","logo":{"@type":"ImageObject","inLanguage":"fr-FR","@id":"https:\/\/academie-nationale-reims.fr\/#\/schema\/logo\/image\/","url":"https:\/\/academie-nationale-reims.fr\/wp-content\/uploads\/2023\/03\/logo.png","contentUrl":"https:\/\/academie-nationale-reims.fr\/wp-content\/uploads\/2023\/03\/logo.png","width":2038,"height":426,"caption":"Acad\u00e9mie nationale de Reims"},"image":{"@id":"https:\/\/academie-nationale-reims.fr\/#\/schema\/logo\/image\/"}}]}},"_links":{"self":[{"href":"https:\/\/academie-nationale-reims.fr\/index.php\/wp-json\/wp\/v2\/pages\/60"}],"collection":[{"href":"https:\/\/academie-nationale-reims.fr\/index.php\/wp-json\/wp\/v2\/pages"}],"about":[{"href":"https:\/\/academie-nationale-reims.fr\/index.php\/wp-json\/wp\/v2\/types\/page"}],"author":[{"embeddable":true,"href":"https:\/\/academie-nationale-reims.fr\/index.php\/wp-json\/wp\/v2\/users\/1"}],"replies":[{"embeddable":true,"href":"https:\/\/academie-nationale-reims.fr\/index.php\/wp-json\/wp\/v2\/comments?post=60"}],"version-history":[{"count":4,"href":"https:\/\/academie-nationale-reims.fr\/index.php\/wp-json\/wp\/v2\/pages\/60\/revisions"}],"predecessor-version":[{"id":1133,"href":"https:\/\/academie-nationale-reims.fr\/index.php\/wp-json\/wp\/v2\/pages\/60\/revisions\/1133"}],"up":[{"embeddable":true,"href":"https:\/\/academie-nationale-reims.fr\/index.php\/wp-json\/wp\/v2\/pages\/17"}],"wp:attachment":[{"href":"https:\/\/academie-nationale-reims.fr\/index.php\/wp-json\/wp\/v2\/media?parent=60"}],"curies":[{"name":"wp","href":"https:\/\/api.w.org\/{rel}","templated":true}]}}