{"id":64,"date":"2015-09-12T12:01:44","date_gmt":"2015-09-12T11:01:44","guid":{"rendered":"http:\/\/anr2-1.nanopikz.com\/?page_id=64"},"modified":"2025-09-11T15:00:57","modified_gmt":"2025-09-11T14:00:57","slug":"vente-au-n","status":"publish","type":"page","link":"https:\/\/academie-nationale-reims.fr\/index.php\/publications\/vente-au-n\/","title":{"rendered":"Table des mati\u00e8res et vente"},"content":{"rendered":"<p>Le r\u00e8glement peut s&rsquo;effectuer par ch\u00e8que bancaire ou postal (CCP 837-25 Ch\u00e2lons-en-Champagne).<\/p>\n<p>Pour les volumes ant\u00e9rieurs au n\u00b0179 : une remise de 25 % est appliqu\u00e9e pour toute commande de trois volumes.<\/p>\n<p>Frais d&rsquo;envoi : pour 1 volume : Port 10,00 \u20ac ; pour plusieurs : nous\u00a0 <a href=\"http:\/\/academie-nationale-reims.fr\/index.php\/contact\/\" target=\"_blank\" rel=\"noopener noreferrer\">consulter<\/a>.<\/p>\n<p style=\"text-align: left;\">Les volumes des <strong>Travaux de l&rsquo;Acad\u00e9mie nationale de Reims<\/strong> disponibles \u00e0 la vente sont les suivants :<\/p>\n<table class=\" aligncenter\" style=\"width: 78.244%; height: 1174px;\">\n<tbody>\n<tr style=\"height: 1174px;\">\n<td style=\"height: 1174px; width: 100%;\">\n<table style=\"width: 0%; height: 3008px;\">\n<tbody>\n<tr style=\"height: 45px;\">\n<td style=\"height: 45px; width: 16.488223%;\"><a href=\"http:\/\/academie-nationale-reims.fr\/index.php\/2016\/06\/27\/tar-159\/\" target=\"_blank\" rel=\"noopener noreferrer\">Volume 159<\/a> (1980)<\/td>\n<td style=\"width: 68.522484%; height: 45px;\">M\u00e9lange d&rsquo;histoire militaire<\/td>\n<td style=\"height: 45px; width: 13.062099%;\">8.00 \u20ac<\/td>\n<\/tr>\n<tr style=\"height: 45px;\">\n<td style=\"height: 45px; width: 16.488223%;\"><a href=\"http:\/\/academie-nationale-reims.fr\/index.php\/2016\/06\/27\/tar-161\/\" target=\"_blank\" rel=\"noopener noreferrer\">Volume 161<\/a> (1982)<\/td>\n<td style=\"height: 45px; width: 68.522484%;\">L&rsquo;enseignement \u00e9l\u00e9mentaire en Champagne<\/td>\n<td style=\"height: 45px; width: 13.062099%;\">11.00 \u20ac<\/td>\n<\/tr>\n<tr style=\"height: 45px;\">\n<td style=\"height: 45px; width: 16.488223%;\"><a href=\"http:\/\/academie-nationale-reims.fr\/index.php\/2016\/06\/27\/tar-162\/\" target=\"_blank\" rel=\"noopener noreferrer\">Volume 162<\/a> (1983)<\/td>\n<td style=\"height: 45px; width: 68.522484%;\">Travaux de l&rsquo;Acad\u00e9mie<\/td>\n<td style=\"height: 45px; width: 13.062099%;\">11.00 \u20ac<\/td>\n<\/tr>\n<tr style=\"height: 45px;\">\n<td style=\"height: 45px; width: 16.488223%;\"><a href=\"http:\/\/academie-nationale-reims.fr\/index.php\/2016\/06\/27\/tar-163\/\" target=\"_blank\" rel=\"noopener noreferrer\">Volume 163<\/a> (1984)<\/td>\n<td style=\"height: 45px; width: 68.522484%;\">Polyptyque et les listes de cens de l&rsquo;Abbaye de Saint-Remi de Reims<\/td>\n<td style=\"height: 45px; width: 13.062099%;\">16.00 \u20ac<\/td>\n<\/tr>\n<tr style=\"height: 45px;\">\n<td style=\"height: 45px; width: 16.488223%;\"><a href=\"http:\/\/academie-nationale-reims.fr\/index.php\/2016\/06\/27\/tar-164\/\" target=\"_blank\" rel=\"noopener noreferrer\">Volume 164<\/a> (1985)<\/td>\n<td style=\"height: 45px; width: 68.522484%;\">La communication dans l&rsquo;Histoire<\/td>\n<td style=\"height: 45px; width: 13.062099%;\">16.00 \u20ac<\/td>\n<\/tr>\n<tr style=\"height: 45px;\">\n<td style=\"height: 45px; width: 16.488223%;\"><a href=\"http:\/\/academie-nationale-reims.fr\/index.php\/2016\/06\/27\/tar-165\/\" target=\"_blank\" rel=\"noopener noreferrer\">Volume 165<\/a> (1986)<\/td>\n<td style=\"height: 45px; width: 68.522484%;\">Histoire r\u00e9moise<\/td>\n<td style=\"height: 45px; width: 13.062099%;\">16.00 \u20ac<\/td>\n<\/tr>\n<tr style=\"height: 45px;\">\n<td style=\"height: 45px; width: 16.488223%;\"><a href=\"http:\/\/academie-nationale-reims.fr\/index.php\/2016\/06\/27\/tar-167\/\" target=\"_blank\" rel=\"noopener noreferrer\">Volume 166-167<\/a> (1987-1988)<\/td>\n<td style=\"height: 45px; width: 68.522484%;\"><em>Description \u00e9tymologique et topographique<\/em> <em>de Rheims \u2013 1822<\/em><\/td>\n<td style=\"height: 45px; width: 13.062099%;\">28.00 \u20ac<\/td>\n<\/tr>\n<tr style=\"height: 45px;\">\n<td style=\"height: 45px; width: 16.488223%;\"><a href=\"http:\/\/academie-nationale-reims.fr\/index.php\/2016\/06\/27\/tar-168\/\" target=\"_blank\" rel=\"noopener noreferrer\">Volume 168<\/a> (1989)<\/td>\n<td style=\"height: 45px; width: 68.522484%;\">Art et histoire en pays r\u00e9mois<\/td>\n<td style=\"height: 45px; width: 13.062099%;\">16.00 \u20ac<\/td>\n<\/tr>\n<tr style=\"height: 45px;\">\n<td style=\"height: 45px; width: 16.488223%;\"><a href=\"http:\/\/academie-nationale-reims.fr\/index.php\/2016\/06\/27\/tar-169\/\" target=\"_blank\" rel=\"noopener noreferrer\">Volume 169<\/a> (1990-1991)<\/td>\n<td style=\"height: 45px; width: 68.522484%;\">Registre de d\u00e9lib\u00e9rations du Conseil de Ville de Reims (1422-1436)<\/td>\n<td style=\"height: 45px; width: 13.062099%;\">23.00 \u20ac<\/td>\n<\/tr>\n<tr style=\"height: 45px;\">\n<td style=\"height: 45px; width: 16.488223%;\"><a href=\"http:\/\/academie-nationale-reims.fr\/index.php\/2016\/06\/27\/tar-170\/\" target=\"_blank\" rel=\"noopener noreferrer\">Volume 170<\/a> (1841-1989)<\/td>\n<td style=\"height: 45px; width: 68.522484%;\">Table g\u00e9n\u00e9rale des <em>Travaux<\/em> (1841-1989)<\/td>\n<td style=\"height: 45px; width: 13.062099%;\">16.00 \u20ac<\/td>\n<\/tr>\n<tr style=\"height: 45px;\">\n<td style=\"height: 45px; width: 16.488223%;\"><a href=\"http:\/\/academie-nationale-reims.fr\/index.php\/2016\/06\/27\/tar-171\/\" target=\"_blank\" rel=\"noopener noreferrer\">Volume 171<\/a> (1991)<\/td>\n<td style=\"height: 45px; width: 68.522484%;\">L&rsquo;histoire de Reims en questions<\/td>\n<td style=\"height: 45px; width: 13.062099%;\">13.00 \u20ac<\/td>\n<\/tr>\n<tr style=\"height: 45px;\">\n<td style=\"height: 45px; width: 16.488223%;\"><a href=\"http:\/\/academie-nationale-reims.fr\/index.php\/2016\/06\/27\/tar-172\/\" target=\"_blank\" rel=\"noopener noreferrer\">Volume 172<\/a> (1992-1996)<\/td>\n<td style=\"height: 45px; width: 68.522484%;\">Histoire r\u00e9moise<\/td>\n<td style=\"height: 45px; width: 13.062099%;\">13.00 \u20ac<\/td>\n<\/tr>\n<tr style=\"height: 45px;\">\n<td style=\"height: 45px; width: 16.488223%;\"><a href=\"http:\/\/academie-nationale-reims.fr\/index.php\/2016\/06\/27\/tar-173\/\" target=\"_blank\" rel=\"noopener noreferrer\">Volume 173<\/a> (1998)<\/td>\n<td style=\"height: 45px; width: 68.522484%;\">Journal de la Guerre du Cardinal Lu\u00e7on (1914-1918)<\/td>\n<td style=\"height: 45px; width: 13.062099%;\">13.00 \u20ac<\/td>\n<\/tr>\n<tr style=\"height: 45px;\">\n<td style=\"height: 45px; width: 16.488223%;\"><a href=\"http:\/\/academie-nationale-reims.fr\/index.php\/2016\/06\/27\/tar-174\/\" target=\"_blank\" rel=\"noopener noreferrer\">Volume 174<\/a> (2000)<\/td>\n<td style=\"height: 45px; width: 68.522484%;\">Art et histoire en pays r\u00e9mois<\/td>\n<td style=\"height: 45px; width: 13.062099%;\">13.00 \u20ac<\/td>\n<\/tr>\n<tr style=\"height: 45px;\">\n<td style=\"height: 45px; width: 16.488223%;\"><a href=\"http:\/\/academie-nationale-reims.fr\/index.php\/2016\/06\/27\/tar-175\/\" target=\"_blank\" rel=\"noopener noreferrer\">Volume 175<\/a> (2001)<\/td>\n<td style=\"height: 45px; width: 68.522484%;\">Art et histoire en pays r\u00e9mois<\/td>\n<td style=\"height: 45px; width: 13.062099%;\">13.00 \u20ac<\/td>\n<\/tr>\n<tr style=\"height: 45px;\">\n<td style=\"height: 45px; width: 16.488223%;\"><a href=\"http:\/\/academie-nationale-reims.fr\/index.php\/2016\/06\/27\/tar-176\/\" target=\"_blank\" rel=\"noopener noreferrer\">Volume 176<\/a> (2002)<\/td>\n<td style=\"height: 45px; width: 68.522484%;\">Art et histoire en pays r\u00e9mois<\/td>\n<td style=\"height: 45px; width: 13.062099%;\">13.00 \u20ac<\/td>\n<\/tr>\n<tr style=\"height: 45px;\">\n<td style=\"height: 45px; width: 16.488223%;\"><a href=\"http:\/\/academie-nationale-reims.fr\/index.php\/2016\/06\/27\/tar-177\/\" target=\"_blank\" rel=\"noopener noreferrer\">Volume 177<\/a> (2006)<\/td>\n<td style=\"height: 45px; width: 68.522484%;\">Art et histoire en pays r\u00e9mois<\/td>\n<td style=\"height: 45px; width: 13.062099%;\">13.00 \u20ac<\/td>\n<\/tr>\n<tr style=\"height: 82px;\">\n<td style=\"height: 82px; width: 16.488223%;\"><a href=\"http:\/\/academie-nationale-reims.fr\/index.php\/2016\/06\/27\/tar-178\/\" target=\"_blank\" rel=\"noopener noreferrer\">Volume 178<\/a> (2008)<\/td>\n<td style=\"height: 82px; width: 68.522484%;\">I-\u00a0\u00a0 M\u00e9langes acad\u00e9miques<br \/>II- La province eccl\u00e9siastique de Reims<\/td>\n<td style=\"height: 82px; width: 13.062099%;\">16.00 \u20ac<\/td>\n<\/tr>\n<tr style=\"height: 45px;\">\n<td style=\"height: 45px; width: 16.488223%;\"><a href=\"http:\/\/academie-nationale-reims.fr\/index.php\/2016\/06\/27\/tar-179\/\" target=\"_blank\" rel=\"noopener noreferrer\">Volume 179<\/a> (2010)<\/td>\n<td style=\"height: 45px; width: 68.522484%;\">M\u00e9langes acad\u00e9miques<\/td>\n<td style=\"height: 45px; width: 13.062099%;\">23.00 \u20ac<\/td>\n<\/tr>\n<tr style=\"height: 45px;\">\n<td style=\"height: 45px; width: 16.488223%;\"><a href=\"http:\/\/academie-nationale-reims.fr\/index.php\/2016\/06\/16\/tar180\/\" target=\"_blank\" rel=\"noopener noreferrer\">Volume 180<\/a> (2011)<\/td>\n<td style=\"height: 45px; width: 68.522484%;\">M\u00e9langes acad\u00e9miques<\/td>\n<td style=\"height: 45px; width: 13.062099%;\">23.00 \u20ac<\/td>\n<\/tr>\n<tr style=\"height: 45px;\">\n<td style=\"height: 45px; width: 16.488223%;\"><a href=\"http:\/\/academie-nationale-reims.fr\/index.php\/2016\/05\/10\/tar-181\/\" target=\"_blank\" rel=\"noopener noreferrer\">Volume 181<\/a> (2014)<\/td>\n<td style=\"height: 45px; width: 68.522484%;\">M\u00e9langes acad\u00e9miques<\/td>\n<td style=\"height: 45px; width: 13.062099%;\">23.00 \u20ac<\/td>\n<\/tr>\n<tr style=\"height: 49px;\">\n<td style=\"height: 49px; width: 16.488223%;\"><a href=\"http:\/\/academie-nationale-reims.fr\/index.php\/2016\/06\/27\/tar-182\/\" target=\"_blank\" rel=\"noopener noreferrer\">Volume 182<\/a> (2015)<\/td>\n<td style=\"height: 49px; width: 68.522484%;\">Le pr\u00e9v\u00f4t Odalric (XI<sup>\u00e8me<\/sup> s.) et le manuscrit 15 de la Biblioth\u00e8que de Reims<\/td>\n<td style=\"height: 49px; width: 13.062099%;\">23.00 \u20ac<\/td>\n<\/tr>\n<tr style=\"height: 45px;\">\n<td style=\"height: 45px; width: 16.488223%;\"><a href=\"http:\/\/academie-nationale-reims.fr\/index.php\/2016\/10\/13\/tar-183\/\" target=\"_blank\" rel=\"noopener noreferrer\">Volume 183<\/a> (2016)<\/td>\n<td style=\"height: 45px; width: 68.522484%;\">M\u00e9langes acad\u00e9miques et Annales 2015<\/td>\n<td style=\"height: 45px; width: 13.062099%;\">23.00 \u20ac<\/td>\n<\/tr>\n<tr style=\"height: 82px;\">\n<td style=\"height: 82px; width: 16.488223%;\"><a href=\"http:\/\/academie-nationale-reims.fr\/index.php\/2018\/02\/26\/tar-184\/\" target=\"_blank\" rel=\"noopener noreferrer\">Volume 184<\/a> (2017)<\/td>\n<td style=\"height: 82px; width: 68.522484%;\">Champagne !<br \/>Un terroir et des hommes<\/td>\n<td style=\"height: 82px; width: 13.062099%;\">36.00 \u20ac<\/td>\n<\/tr>\n<tr style=\"height: 45px;\">\n<td style=\"height: 45px; width: 16.488223%;\"><a href=\"http:\/\/academie-nationale-reims.fr\/index.php\/2019\/03\/04\/tar-185\/\" target=\"_blank\" rel=\"noopener noreferrer\">Volume 185<\/a> (2018)<\/td>\n<td style=\"height: 45px; width: 68.522484%;\">M\u00e9langes acad\u00e9miques et Annales 2017<\/td>\n<td style=\"height: 45px; width: 13.062099%;\">30.00 \u20ac<\/td>\n<\/tr>\n<tr style=\"height: 45px;\">\n<td style=\"height: 45px; width: 16.488223%;\"><a href=\"http:\/\/academie-nationale-reims.fr\/index.php\/2019\/09\/27\/tar-186\/\" target=\"_blank\" rel=\"noopener noreferrer\">Volume 186<\/a> (2019)<\/td>\n<td style=\"height: 45px; width: 68.522484%;\">M\u00e9langes acad\u00e9miques et Annales 2018<\/td>\n<td style=\"height: 45px; width: 13.062099%;\">35.00 \u20ac<\/td>\n<\/tr>\n<tr style=\"height: 45px;\">\n<td style=\"height: 45px; width: 16.488223%;\"><a href=\"http:\/\/academie-nationale-reims.fr\/index.php\/2020\/01\/13\/tar-187\/\" target=\"_blank\" rel=\"noopener noreferrer\">Volume 187<\/a> (2019)<\/td>\n<td style=\"height: 45px; width: 68.522484%;\">Table g\u00e9n\u00e9rale alphab\u00e9tique et analytique (ann\u00e9es 1990-2019)<\/td>\n<td style=\"height: 45px; width: 13.062099%;\">20.00 \u20ac<\/td>\n<\/tr>\n<tr style=\"height: 45px;\">\n<td style=\"height: 45px; width: 16.488223%;\"><a href=\"http:\/\/academie-nationale-reims.fr\/index.php\/2020\/03\/07\/tar-hs-n-1\/\">Hors s\u00e9rie n\u00b01<\/a> (2019)<\/td>\n<td style=\"height: 45px; width: 68.522484%;\">Les sacres des rois \u00e0 Reims<\/td>\n<td style=\"height: 45px; width: 13.062099%;\">29.00 \u20ac<\/td>\n<\/tr>\n<tr style=\"height: 45px;\">\n<td style=\"height: 45px; width: 16.488223%;\"><a href=\"http:\/\/academie-nationale-reims.fr\/index.php\/2020\/10\/05\/tar-188\/\">Volume 188<\/a> (2020)<\/td>\n<td style=\"height: 45px; width: 68.522484%;\">M\u00e9langes acad\u00e9miques et Annales 2019<\/td>\n<td style=\"height: 45px; width: 13.062099%;\">35.00 \u20ac<\/td>\n<\/tr>\n<tr style=\"height: 45px;\">\n<td style=\"height: 45px; width: 16.488223%;\"><a href=\"http:\/\/academie-nationale-reims.fr\/index.php\/2021\/09\/19\/tar-189\/\">Volume 189<\/a> (2021)<\/td>\n<td style=\"height: 45px; width: 68.522484%;\">M\u00e9langes acad\u00e9miques et Annales 2020<\/td>\n<td style=\"height: 45px; width: 13.062099%;\">40.00 \u20ac<\/td>\n<\/tr>\n<tr style=\"height: 24px;\">\n<td style=\"height: 10px; width: 16.488223%;\"><a href=\"https:\/\/academie-nationale-reims.fr\/index.php\/2022\/09\/10\/tar-190\/\">Volume 190<\/a> (2022)<\/td>\n<td style=\"height: 10px; width: 68.522484%;\">M\u00e9langes acad\u00e9miques et Annales 2021<\/td>\n<td style=\"height: 10px; width: 13.062099%;\">40.00 \u20ac<\/td>\n<\/tr>\n<tr style=\"height: 54px;\">\n<td style=\"width: 16.488223%; height: 54px;\"><a href=\"http:\/\/academie-nationale-reims.fr\/index.php\/2024\/02\/28\/tar-191\/\">Volume 191<\/a> (2023)<\/td>\n<td style=\"width: 68.522484%; height: 54px;\">M\u00e9langes acad\u00e9miques et Annales 2022<\/td>\n<td style=\"width: 13.062099%; height: 54px;\">40.00 \u20ac<\/td>\n<\/tr>\n<tr style=\"height: 81px;\">\n<td style=\"width: 16.488223%; height: 81px;\"><a href=\"http:\/\/academie-nationale-reims.fr\/wp-content\/uploads\/2024\/09\/Table-des-matieres-vol-192.pdf\">Volume 192<\/a> (2024)<\/td>\n<td style=\"width: 68.522484%; height: 81px;\">M\u00e9langes acad\u00e9miques et Annales 2023<\/td>\n<td style=\"width: 13.062099%; height: 81px;\">40.00 \u20ac<\/td>\n<\/tr>\n<tr style=\"height: 81px;\">\n<td style=\"width: 16.488223%; height: 81px;\"><a href=\"http:\/\/academie-nationale-reims.fr\/wp-content\/uploads\/2025\/09\/TableDesMatieres-1.pdf\">Volume 193<\/a> (2025)<\/td>\n<td style=\"width: 68.522484%; height: 81px;\">M\u00e9langes acad\u00e9miques et Annales 2024<\/td>\n<td style=\"width: 13.062099%; height: 81px;\">45.00 \u20ac<\/td>\n<\/tr>\n<\/tbody>\n<\/table>\n<\/td>\n<\/tr>\n<\/tbody>\n<\/table>\n<p>Les volumes des\u00a0<strong>Annales de l&rsquo;Acad\u00e9mie nationale de Reims<\/strong> disponibles \u00e0 la vente sont les suivants :<\/p>\n<table class=\" aligncenter\" style=\"width: 600px;\">\n<tbody>\n<tr>\n<td style=\"text-align: center;\">\n<table style=\"width: 100%; height: 694px;\">\n<tbody>\n<tr style=\"height: 24px;\">\n<td style=\"height: 24px;\" width=\"108\"><a href=\"http:\/\/academie-nationale-reims.fr\/index.php\/2016\/06\/29\/annales-i\/\" target=\"_blank\" rel=\"noopener noreferrer\"><strong>Tome I<\/strong><\/a><\/td>\n<td style=\"height: 24px;\" width=\"230\">Ann\u00e9e 1983<\/td>\n<td style=\"height: 24px;\" width=\"80\">5.00 \u20ac<\/td>\n<\/tr>\n<tr style=\"height: 24px;\">\n<td style=\"height: 24px;\" width=\"108\"><a href=\"http:\/\/academie-nationale-reims.fr\/index.php\/2016\/06\/29\/annales-2-1-2\/\" target=\"_blank\" rel=\"noopener noreferrer\"><strong>Tome II 1<\/strong><\/a><\/td>\n<td style=\"height: 24px;\" width=\"230\">Ann\u00e9e 1984<\/td>\n<td style=\"height: 24px;\" width=\"80\">5.00 \u20ac<\/td>\n<\/tr>\n<tr style=\"height: 24px;\">\n<td style=\"height: 24px;\" width=\"108\"><a href=\"http:\/\/academie-nationale-reims.fr\/index.php\/2016\/06\/29\/annales-2-1\/\" target=\"_blank\" rel=\"noopener noreferrer\"><strong>Tome II 2<\/strong><\/a><\/td>\n<td style=\"height: 24px;\" width=\"230\">Ann\u00e9e 1985<\/td>\n<td style=\"height: 24px;\" width=\"80\">5.00 \u20ac<\/td>\n<\/tr>\n<tr style=\"height: 24px;\">\n<td style=\"height: 24px;\" width=\"108\"><a href=\"http:\/\/academie-nationale-reims.fr\/index.php\/2016\/06\/29\/annales-3-1\/\" target=\"_blank\" rel=\"noopener noreferrer\"><strong>Tome III 1<\/strong><\/a><\/td>\n<td style=\"height: 24px;\" width=\"230\">Ann\u00e9e 1986<\/td>\n<td style=\"height: 24px;\" width=\"80\">5.00 \u20ac<\/td>\n<\/tr>\n<tr style=\"height: 24px;\">\n<td style=\"height: 24px;\" width=\"108\"><a href=\"http:\/\/academie-nationale-reims.fr\/index.php\/2016\/06\/29\/annales-3-2\/\" target=\"_blank\" rel=\"noopener noreferrer\"><strong>Tome III 2<\/strong><\/a><\/td>\n<td style=\"height: 24px;\" width=\"230\">Ann\u00e9e 1987<\/td>\n<td style=\"height: 24px;\" width=\"80\">5.00 \u20ac<\/td>\n<\/tr>\n<tr style=\"height: 24px;\">\n<td style=\"height: 49px;\" width=\"108\"><a href=\"http:\/\/academie-nationale-reims.fr\/index.php\/2016\/06\/29\/annales-4\/\" target=\"_blank\" rel=\"noopener noreferrer\"><strong>Tome IV<\/strong><\/a><\/td>\n<td style=\"height: 49px;\" width=\"230\">Ann\u00e9e 1987<\/td>\n<td style=\"height: 49px;\" width=\"80\">5.00 \u20ac<\/td>\n<\/tr>\n<tr style=\"height: 24px;\">\n<td style=\"height: 24px;\" width=\"108\"><a href=\"http:\/\/academie-nationale-reims.fr\/index.php\/2016\/06\/29\/annales-5\/\" target=\"_blank\" rel=\"noopener noreferrer\"><strong>Tome V<\/strong><\/a><\/td>\n<td style=\"height: 24px;\" width=\"230\">Ann\u00e9e 1988<\/td>\n<td style=\"height: 24px;\" width=\"80\">5.00 \u20ac<\/td>\n<\/tr>\n<tr style=\"height: 24px;\">\n<td style=\"height: 24px;\" width=\"108\"><a href=\"http:\/\/academie-nationale-reims.fr\/index.php\/2016\/06\/29\/annales-6\/\" target=\"_blank\" rel=\"noopener noreferrer\"><strong>Tome VI<\/strong><\/a><\/td>\n<td style=\"height: 24px;\" width=\"230\">Ann\u00e9e 1989<\/td>\n<td style=\"height: 24px;\" width=\"80\">5.00 \u20ac<\/td>\n<\/tr>\n<tr style=\"height: 24px;\">\n<td style=\"height: 24px;\" width=\"108\"><a href=\"http:\/\/academie-nationale-reims.fr\/index.php\/2016\/06\/29\/annales-7\/\" target=\"_blank\" rel=\"noopener noreferrer\"><strong>Tome VII<\/strong><\/a><\/td>\n<td style=\"height: 24px;\" width=\"230\">Ann\u00e9e 1990 \/ 1991<\/td>\n<td style=\"height: 24px;\" width=\"80\">5.00 \u20ac<\/td>\n<\/tr>\n<tr style=\"height: 24px;\">\n<td style=\"height: 24px;\" width=\"108\"><a href=\"http:\/\/academie-nationale-reims.fr\/index.php\/2016\/06\/29\/annales-8\/\" target=\"_blank\" rel=\"noopener noreferrer\"><strong>Tome VIII<\/strong><\/a><\/td>\n<td style=\"height: 24px;\" width=\"230\">Ann\u00e9e 1992<\/td>\n<td style=\"height: 24px;\" width=\"80\">5.00 \u20ac<\/td>\n<\/tr>\n<tr style=\"height: 24px;\">\n<td style=\"height: 24px;\" width=\"108\"><a href=\"http:\/\/academie-nationale-reims.fr\/index.php\/2016\/06\/29\/annales-9\/\" target=\"_blank\" rel=\"noopener noreferrer\"><strong>Tome IX<\/strong><\/a><\/td>\n<td style=\"height: 24px;\" width=\"230\">Ann\u00e9e 1993<\/td>\n<td style=\"height: 24px;\" width=\"80\">5.00 \u20ac<\/td>\n<\/tr>\n<tr style=\"height: 24px;\">\n<td style=\"height: 24px;\" width=\"108\"><a href=\"http:\/\/academie-nationale-reims.fr\/index.php\/2016\/06\/29\/annales-10\/\" target=\"_blank\" rel=\"noopener noreferrer\"><strong>Tome X<\/strong><\/a><\/td>\n<td style=\"height: 24px;\" width=\"230\">Ann\u00e9e 1994 \/ 1995<\/td>\n<td style=\"height: 24px;\" width=\"80\">5.00 \u20ac<\/td>\n<\/tr>\n<tr style=\"height: 24px;\">\n<td style=\"height: 24px;\" width=\"108\"><a href=\"http:\/\/academie-nationale-reims.fr\/index.php\/2016\/06\/29\/annales-11\/\" target=\"_blank\" rel=\"noopener noreferrer\"><strong>Tome XI<\/strong><\/a><\/td>\n<td style=\"height: 24px;\" width=\"230\">Ann\u00e9e 1996<\/td>\n<td style=\"height: 24px;\" width=\"80\">5.00 \u20ac<\/td>\n<\/tr>\n<tr style=\"height: 24px;\">\n<td style=\"height: 24px;\" width=\"108\"><a href=\"http:\/\/academie-nationale-reims.fr\/index.php\/2016\/06\/29\/annales-12\/\" target=\"_blank\" rel=\"noopener noreferrer\"><strong>Tome XII<\/strong><\/a><\/td>\n<td style=\"height: 24px;\" width=\"230\">Ann\u00e9e 1997<\/td>\n<td style=\"height: 24px;\" width=\"80\">5.00 \u20ac<\/td>\n<\/tr>\n<tr style=\"height: 24px;\">\n<td style=\"height: 24px;\" width=\"108\"><a href=\"http:\/\/academie-nationale-reims.fr\/index.php\/2016\/06\/29\/annales-13\/\" target=\"_blank\" rel=\"noopener noreferrer\"><strong>Tome XIII<\/strong><\/a><\/td>\n<td style=\"height: 24px;\" width=\"230\">Ann\u00e9e 1998<\/td>\n<td style=\"height: 24px;\" width=\"80\">5.00 \u20ac<\/td>\n<\/tr>\n<tr style=\"height: 24px;\">\n<td style=\"height: 45px;\" width=\"108\"><a href=\"http:\/\/academie-nationale-reims.fr\/index.php\/2016\/06\/29\/annales-14\/\" target=\"_blank\" rel=\"noopener noreferrer\"><strong>Tome XIV<\/strong><\/a><\/td>\n<td style=\"height: 45px;\" width=\"230\">Ann\u00e9e 1999<\/td>\n<td style=\"height: 45px;\" width=\"80\">5.00 \u20ac<\/td>\n<\/tr>\n<tr style=\"height: 24px;\">\n<td style=\"height: 24px;\" width=\"108\"><a href=\"http:\/\/academie-nationale-reims.fr\/index.php\/2016\/06\/29\/annales-15\/\" target=\"_blank\" rel=\"noopener noreferrer\"><strong>Tome XV<\/strong><\/a><\/td>\n<td style=\"height: 24px;\" width=\"230\">Ann\u00e9e 2000<\/td>\n<td style=\"height: 24px;\" width=\"80\">5.00 \u20ac<\/td>\n<\/tr>\n<tr style=\"height: 24px;\">\n<td style=\"height: 24px;\" width=\"108\"><a href=\"http:\/\/academie-nationale-reims.fr\/index.php\/2016\/06\/29\/annales-16\/\" target=\"_blank\" rel=\"noopener noreferrer\"><strong>Tome XVI<\/strong><\/a><\/td>\n<td style=\"height: 24px;\" width=\"230\">Ann\u00e9e 2001<\/td>\n<td style=\"height: 24px;\" width=\"80\">5.00 \u20ac<\/td>\n<\/tr>\n<tr style=\"height: 24.08px;\">\n<td style=\"height: 24px;\" width=\"108\"><a href=\"http:\/\/academie-nationale-reims.fr\/index.php\/2016\/06\/29\/annales-17\/\" target=\"_blank\" rel=\"noopener noreferrer\"><strong>Tome XVII<\/strong><\/a><\/td>\n<td style=\"height: 24px;\" width=\"230\">Ann\u00e9e 2003<\/td>\n<td style=\"height: 24px;\" width=\"80\">5.00 \u20ac<\/td>\n<\/tr>\n<tr style=\"height: 24px;\">\n<td style=\"height: 24px;\" width=\"108\"><a href=\"http:\/\/academie-nationale-reims.fr\/index.php\/2016\/06\/29\/annales-18\/\" target=\"_blank\" rel=\"noopener noreferrer\"><strong>Tome XVIII<\/strong><\/a><\/td>\n<td style=\"height: 24px;\" width=\"230\">Ann\u00e9e 2003 \/ 2004<\/td>\n<td style=\"height: 24px;\" width=\"80\">5.00 \u20ac<\/td>\n<\/tr>\n<tr style=\"height: 24px;\">\n<td style=\"height: 24px;\" width=\"108\"><a href=\"http:\/\/academie-nationale-reims.fr\/index.php\/2016\/06\/29\/annales-19\/\" target=\"_blank\" rel=\"noopener noreferrer\"><strong>Tome XIX<\/strong><\/a><\/td>\n<td style=\"height: 24px;\" width=\"230\">Ann\u00e9e 2005<\/td>\n<td style=\"height: 24px;\" width=\"80\">5.00 \u20ac<\/td>\n<\/tr>\n<tr style=\"height: 24px;\">\n<td style=\"height: 24px;\" width=\"108\"><a href=\"http:\/\/academie-nationale-reims.fr\/index.php\/2016\/06\/29\/annales-20\/\" target=\"_blank\" rel=\"noopener noreferrer\"><strong>Tome XX<\/strong><\/a><\/td>\n<td style=\"height: 24px;\" width=\"230\">Ann\u00e9e 2006 \/ 2007<\/td>\n<td style=\"height: 24px;\" width=\"80\">5.00 \u20ac<\/td>\n<\/tr>\n<tr style=\"height: 24px;\">\n<td style=\"height: 24px;\" width=\"108\"><a href=\"http:\/\/academie-nationale-reims.fr\/index.php\/2016\/06\/29\/annales-21\/\" target=\"_blank\" rel=\"noopener noreferrer\"><strong>Tome XXI<\/strong><\/a><\/td>\n<td style=\"height: 24px;\" width=\"230\">Ann\u00e9e 2008<\/td>\n<td style=\"height: 24px;\" width=\"80\">5.00 \u20ac<\/td>\n<\/tr>\n<tr style=\"height: 24px;\">\n<td style=\"height: 24px;\" width=\"108\"><a href=\"http:\/\/academie-nationale-reims.fr\/index.php\/2016\/06\/29\/annales-22\/\" target=\"_blank\" rel=\"noopener noreferrer\"><strong>Tome XXII<\/strong><\/a><\/td>\n<td style=\"height: 24px;\" width=\"230\">Ann\u00e9e 2009 \/ 2010<\/td>\n<td style=\"height: 24px;\" width=\"80\">5.00 \u20ac<\/td>\n<\/tr>\n<tr style=\"height: 24px;\">\n<td style=\"height: 24px;\" width=\"108\"><a href=\"http:\/\/academie-nationale-reims.fr\/index.php\/2016\/06\/29\/annales-23\/\" target=\"_blank\" rel=\"noopener noreferrer\"><strong>Tome XXIII<\/strong><\/a><\/td>\n<td style=\"height: 24px;\" width=\"230\">Ann\u00e9e 2011<\/td>\n<td style=\"height: 24px;\" width=\"80\">5.00 \u20ac<\/td>\n<\/tr>\n<tr style=\"height: 24px;\">\n<td style=\"height: 24px;\" width=\"108\"><a href=\"http:\/\/academie-nationale-reims.fr\/index.php\/2016\/06\/29\/annales-24\/\" target=\"_blank\" rel=\"noopener noreferrer\"><strong>Tome XXIV<\/strong><\/a><\/td>\n<td style=\"height: 24px;\" width=\"230\">Ann\u00e9e 2012 \/ 2013<\/td>\n<td style=\"height: 24px;\" width=\"80\">5.00 \u20ac<\/td>\n<\/tr>\n<tr style=\"height: 24px;\">\n<td style=\"height: 24px;\" width=\"108\"><a href=\"http:\/\/academie-nationale-reims.fr\/index.php\/2016\/06\/29\/annales-25\/\" target=\"_blank\" rel=\"noopener noreferrer\"><strong>Tome XXV<\/strong><\/a><\/td>\n<td style=\"height: 24px;\" width=\"230\">Ann\u00e9e 2014<\/td>\n<td style=\"height: 24px;\" width=\"80\">5.00 \u20ac<\/td>\n<\/tr>\n<\/tbody>\n<\/table>\n<\/td>\n<\/tr>\n<\/tbody>\n<\/table>\n\n\n<div class=\"wp-block-group is-nowrap is-layout-flex wp-container-1\"><\/div>\n\n\n\n\n\n\n","protected":false},"excerpt":{"rendered":"<p>Le r\u00e8glement peut s&rsquo;effectuer par ch\u00e8que bancaire ou postal (CCP 837-25 Ch\u00e2lons-en-Champagne). Pour les volumes ant\u00e9rieurs au n\u00b0179 : une remise de 25 % est appliqu\u00e9e pour toute commande de trois volumes. Frais d&rsquo;envoi : pour 1 volume : Port 10,00 \u20ac ; pour plusieurs : nous\u00a0 consulter. Les volumes des Travaux de l&rsquo;Acad\u00e9mie nationale [&hellip;]<\/p>\n","protected":false},"author":1,"featured_media":0,"parent":17,"menu_order":3,"comment_status":"closed","ping_status":"closed","template":"","meta":{"_mi_skip_tracking":false},"yoast_head":"<!-- This site is optimized with the Yoast SEO plugin v20.4 - https:\/\/yoast.com\/wordpress\/plugins\/seo\/ -->\n<title>Table des mati\u00e8res et vente - Acad\u00e9mie nationale de Reims<\/title>\n<meta name=\"robots\" content=\"index, follow, max-snippet:-1, max-image-preview:large, max-video-preview:-1\" \/>\n<link rel=\"canonical\" href=\"https:\/\/academie-nationale-reims.fr\/index.php\/publications\/vente-au-n\/\" \/>\n<meta property=\"og:locale\" content=\"fr_FR\" \/>\n<meta property=\"og:type\" content=\"article\" \/>\n<meta property=\"og:title\" content=\"Table des mati\u00e8res et vente - Acad\u00e9mie nationale de Reims\" \/>\n<meta property=\"og:description\" content=\"Le r\u00e8glement peut s&rsquo;effectuer par ch\u00e8que bancaire ou postal (CCP 837-25 Ch\u00e2lons-en-Champagne). Pour les volumes ant\u00e9rieurs au n\u00b0179 : une remise de 25 % est appliqu\u00e9e pour toute commande de trois volumes. Frais d&rsquo;envoi : pour 1 volume : Port 10,00 \u20ac ; pour plusieurs : nous\u00a0 consulter. Les volumes des Travaux de l&rsquo;Acad\u00e9mie nationale [&hellip;]\" \/>\n<meta property=\"og:url\" content=\"https:\/\/academie-nationale-reims.fr\/index.php\/publications\/vente-au-n\/\" \/>\n<meta property=\"og:site_name\" content=\"Acad\u00e9mie nationale de Reims\" \/>\n<meta property=\"article:modified_time\" content=\"2025-09-11T14:00:57+00:00\" \/>\n<meta name=\"twitter:card\" content=\"summary_large_image\" \/>\n<meta name=\"twitter:label1\" content=\"Dur\u00e9e de lecture estim\u00e9e\" \/>\n\t<meta name=\"twitter:data1\" content=\"4 minutes\" \/>\n<script type=\"application\/ld+json\" class=\"yoast-schema-graph\">{\"@context\":\"https:\/\/schema.org\",\"@graph\":[{\"@type\":\"WebPage\",\"@id\":\"https:\/\/academie-nationale-reims.fr\/index.php\/publications\/vente-au-n\/\",\"url\":\"https:\/\/academie-nationale-reims.fr\/index.php\/publications\/vente-au-n\/\",\"name\":\"Table des mati\u00e8res et vente - Acad\u00e9mie nationale de Reims\",\"isPartOf\":{\"@id\":\"https:\/\/academie-nationale-reims.fr\/#website\"},\"datePublished\":\"2015-09-12T11:01:44+00:00\",\"dateModified\":\"2025-09-11T14:00:57+00:00\",\"breadcrumb\":{\"@id\":\"https:\/\/academie-nationale-reims.fr\/index.php\/publications\/vente-au-n\/#breadcrumb\"},\"inLanguage\":\"fr-FR\",\"potentialAction\":[{\"@type\":\"ReadAction\",\"target\":[\"https:\/\/academie-nationale-reims.fr\/index.php\/publications\/vente-au-n\/\"]}]},{\"@type\":\"BreadcrumbList\",\"@id\":\"https:\/\/academie-nationale-reims.fr\/index.php\/publications\/vente-au-n\/#breadcrumb\",\"itemListElement\":[{\"@type\":\"ListItem\",\"position\":1,\"name\":\"Accueil\",\"item\":\"https:\/\/academie-nationale-reims.fr\/\"},{\"@type\":\"ListItem\",\"position\":2,\"name\":\"Publications\",\"item\":\"http:\/\/academie-nationale-reims.fr\/index.php\/publications\/\"},{\"@type\":\"ListItem\",\"position\":3,\"name\":\"Table des mati\u00e8res et vente\"}]},{\"@type\":\"WebSite\",\"@id\":\"https:\/\/academie-nationale-reims.fr\/#website\",\"url\":\"https:\/\/academie-nationale-reims.fr\/\",\"name\":\"Acad\u00e9mie nationale de Reims\",\"description\":\"Ce site est en cours d\u2019am\u00e9nagements\",\"publisher\":{\"@id\":\"https:\/\/academie-nationale-reims.fr\/#organization\"},\"potentialAction\":[{\"@type\":\"SearchAction\",\"target\":{\"@type\":\"EntryPoint\",\"urlTemplate\":\"https:\/\/academie-nationale-reims.fr\/?s={search_term_string}\"},\"query-input\":\"required name=search_term_string\"}],\"inLanguage\":\"fr-FR\"},{\"@type\":\"Organization\",\"@id\":\"https:\/\/academie-nationale-reims.fr\/#organization\",\"name\":\"Acad\u00e9mie nationale de Reims\",\"url\":\"https:\/\/academie-nationale-reims.fr\/\",\"logo\":{\"@type\":\"ImageObject\",\"inLanguage\":\"fr-FR\",\"@id\":\"https:\/\/academie-nationale-reims.fr\/#\/schema\/logo\/image\/\",\"url\":\"https:\/\/academie-nationale-reims.fr\/wp-content\/uploads\/2023\/03\/logo.png\",\"contentUrl\":\"https:\/\/academie-nationale-reims.fr\/wp-content\/uploads\/2023\/03\/logo.png\",\"width\":2038,\"height\":426,\"caption\":\"Acad\u00e9mie nationale de Reims\"},\"image\":{\"@id\":\"https:\/\/academie-nationale-reims.fr\/#\/schema\/logo\/image\/\"}}]}<\/script>\n<!-- \/ Yoast SEO plugin. -->","yoast_head_json":{"title":"Table des mati\u00e8res et vente - Acad\u00e9mie nationale de Reims","robots":{"index":"index","follow":"follow","max-snippet":"max-snippet:-1","max-image-preview":"max-image-preview:large","max-video-preview":"max-video-preview:-1"},"canonical":"https:\/\/academie-nationale-reims.fr\/index.php\/publications\/vente-au-n\/","og_locale":"fr_FR","og_type":"article","og_title":"Table des mati\u00e8res et vente - Acad\u00e9mie nationale de Reims","og_description":"Le r\u00e8glement peut s&rsquo;effectuer par ch\u00e8que bancaire ou postal (CCP 837-25 Ch\u00e2lons-en-Champagne). Pour les volumes ant\u00e9rieurs au n\u00b0179 : une remise de 25 % est appliqu\u00e9e pour toute commande de trois volumes. Frais d&rsquo;envoi : pour 1 volume : Port 10,00 \u20ac ; pour plusieurs : nous\u00a0 consulter. Les volumes des Travaux de l&rsquo;Acad\u00e9mie nationale [&hellip;]","og_url":"https:\/\/academie-nationale-reims.fr\/index.php\/publications\/vente-au-n\/","og_site_name":"Acad\u00e9mie nationale de Reims","article_modified_time":"2025-09-11T14:00:57+00:00","twitter_card":"summary_large_image","twitter_misc":{"Dur\u00e9e de lecture estim\u00e9e":"4 minutes"},"schema":{"@context":"https:\/\/schema.org","@graph":[{"@type":"WebPage","@id":"https:\/\/academie-nationale-reims.fr\/index.php\/publications\/vente-au-n\/","url":"https:\/\/academie-nationale-reims.fr\/index.php\/publications\/vente-au-n\/","name":"Table des mati\u00e8res et vente - Acad\u00e9mie nationale de Reims","isPartOf":{"@id":"https:\/\/academie-nationale-reims.fr\/#website"},"datePublished":"2015-09-12T11:01:44+00:00","dateModified":"2025-09-11T14:00:57+00:00","breadcrumb":{"@id":"https:\/\/academie-nationale-reims.fr\/index.php\/publications\/vente-au-n\/#breadcrumb"},"inLanguage":"fr-FR","potentialAction":[{"@type":"ReadAction","target":["https:\/\/academie-nationale-reims.fr\/index.php\/publications\/vente-au-n\/"]}]},{"@type":"BreadcrumbList","@id":"https:\/\/academie-nationale-reims.fr\/index.php\/publications\/vente-au-n\/#breadcrumb","itemListElement":[{"@type":"ListItem","position":1,"name":"Accueil","item":"https:\/\/academie-nationale-reims.fr\/"},{"@type":"ListItem","position":2,"name":"Publications","item":"http:\/\/academie-nationale-reims.fr\/index.php\/publications\/"},{"@type":"ListItem","position":3,"name":"Table des mati\u00e8res et vente"}]},{"@type":"WebSite","@id":"https:\/\/academie-nationale-reims.fr\/#website","url":"https:\/\/academie-nationale-reims.fr\/","name":"Acad\u00e9mie nationale de Reims","description":"Ce site est en cours d\u2019am\u00e9nagements","publisher":{"@id":"https:\/\/academie-nationale-reims.fr\/#organization"},"potentialAction":[{"@type":"SearchAction","target":{"@type":"EntryPoint","urlTemplate":"https:\/\/academie-nationale-reims.fr\/?s={search_term_string}"},"query-input":"required name=search_term_string"}],"inLanguage":"fr-FR"},{"@type":"Organization","@id":"https:\/\/academie-nationale-reims.fr\/#organization","name":"Acad\u00e9mie nationale de Reims","url":"https:\/\/academie-nationale-reims.fr\/","logo":{"@type":"ImageObject","inLanguage":"fr-FR","@id":"https:\/\/academie-nationale-reims.fr\/#\/schema\/logo\/image\/","url":"https:\/\/academie-nationale-reims.fr\/wp-content\/uploads\/2023\/03\/logo.png","contentUrl":"https:\/\/academie-nationale-reims.fr\/wp-content\/uploads\/2023\/03\/logo.png","width":2038,"height":426,"caption":"Acad\u00e9mie nationale de Reims"},"image":{"@id":"https:\/\/academie-nationale-reims.fr\/#\/schema\/logo\/image\/"}}]}},"_links":{"self":[{"href":"https:\/\/academie-nationale-reims.fr\/index.php\/wp-json\/wp\/v2\/pages\/64"}],"collection":[{"href":"https:\/\/academie-nationale-reims.fr\/index.php\/wp-json\/wp\/v2\/pages"}],"about":[{"href":"https:\/\/academie-nationale-reims.fr\/index.php\/wp-json\/wp\/v2\/types\/page"}],"author":[{"embeddable":true,"href":"https:\/\/academie-nationale-reims.fr\/index.php\/wp-json\/wp\/v2\/users\/1"}],"replies":[{"embeddable":true,"href":"https:\/\/academie-nationale-reims.fr\/index.php\/wp-json\/wp\/v2\/comments?post=64"}],"version-history":[{"count":63,"href":"https:\/\/academie-nationale-reims.fr\/index.php\/wp-json\/wp\/v2\/pages\/64\/revisions"}],"predecessor-version":[{"id":2894,"href":"https:\/\/academie-nationale-reims.fr\/index.php\/wp-json\/wp\/v2\/pages\/64\/revisions\/2894"}],"up":[{"embeddable":true,"href":"https:\/\/academie-nationale-reims.fr\/index.php\/wp-json\/wp\/v2\/pages\/17"}],"wp:attachment":[{"href":"https:\/\/academie-nationale-reims.fr\/index.php\/wp-json\/wp\/v2\/media?parent=64"}],"curies":[{"name":"wp","href":"https:\/\/api.w.org\/{rel}","templated":true}]}}