{"id":76,"date":"2015-09-12T12:04:32","date_gmt":"2015-09-12T12:04:32","guid":{"rendered":"http:\/\/anr2-1.nanopikz.com\/?page_id=76"},"modified":"2024-04-23T16:05:40","modified_gmt":"2024-04-23T15:05:40","slug":"adhesion","status":"publish","type":"page","link":"https:\/\/academie-nationale-reims.fr\/index.php\/contact\/adhesion\/","title":{"rendered":"Adh\u00e9sion"},"content":{"rendered":"<div>\n<p style=\"font-weight: 400;\">L&rsquo;Acad\u00e9mie nationale de Reims n&rsquo;\u00e9met pas de bulletin d&rsquo;adh\u00e9sion car il s&rsquo;agit d&rsquo;une soci\u00e9t\u00e9 savante (reconnue d&rsquo;Utilit\u00e9 publique) : son fonctionnement est particulier, tout en restant r\u00e9gie par la loi de 1901.<\/p>\n<p>La proc\u00e9dure d&rsquo;usage pour les personnes int\u00e9ress\u00e9es est la suivante:<\/p>\n<p style=\"text-align: center;\"><strong>1- Pour \u00eatre invit\u00e9(e) :<\/strong><\/p>\n<p>Demande \u00e9crite (avec coordonn\u00e9es : adresse, t\u00e9l\u00e9phone, courriel) pour \u00eatre invit\u00e9 aux s\u00e9ances et communications mensuelles (d&rsquo;octobre \u00e0 juin, 2e vendredi du mois \u00e0 la Maison de la Vie Associative, 122 bis rue du Barb\u00e2tre). Ces s\u00e9ances sont ouvertes au public et un registre de signature nous informe de l&rsquo;int\u00e9r\u00eat que vous portez \u00e0 l&rsquo;institution. Les invit\u00e9s ne paient pas la cotisation annuelle\u00a0; ils ach\u00e8tent les publications acad\u00e9miques annuelles s\u2019ils le souhaitent.<\/p>\n<p style=\"text-align: center;\"><strong>2- Pour devenir Membre associ\u00e9 :<\/strong><\/p>\n<p>Une assiduit\u00e9 constat\u00e9e aux s\u00e9ances, des sujets de communications propos\u00e9es et un int\u00e9r\u00eat marqu\u00e9 permettent de postuler au titre de Membre associ\u00e9. L&rsquo;int\u00e9ress\u00e9 doit en faire la demande ou \u00eatre propos\u00e9 par un Membre titulaire. Une commission des Elections se r\u00e9unit, chaque ann\u00e9e, \u00e0 l&rsquo;automne, pour que les candidats soient agr\u00e9\u00e9s lors de la r\u00e9union des Membres titulaires de d\u00e9cembre. L&rsquo;\u00e9lection intervient lors de la r\u00e9union des titulaires de fin janvier-f\u00e9vrier suivant, permettant ainsi \u00e0 l&rsquo;imp\u00e9trant de r\u00e9pondre positivement au courrier qu&rsquo;il aura pr\u00e9c\u00e9demment re\u00e7u pour confirmer son accord. Les Membres associ\u00e9s doivent s&rsquo;acquitter d&rsquo;une cotisation annuelle de 45 \u20ac, ce qui leur donne droit \u00e0 venir chercher gratuitement les publications acad\u00e9miques (\u00ab\u00a0<em>Annales<\/em>\u00a0\u00bb et \u00ab\u00a0<em>Travaux<\/em>\u00ab\u00a0). Association reconnue d&rsquo;utilit\u00e9 publique, l&rsquo;Acad\u00e9mie\u00a0vous d\u00e9livrera une attestation fiscale pour la partie correspondant \u00e0 la part d\u00e9ductible de vos imp\u00f4ts.<\/p>\n<p style=\"text-align: center;\"><strong>3- Pour devenir Membre titulaire :<\/strong><\/p>\n<p>Il faut avoir \u00e9t\u00e9 au pr\u00e9alable Membre associ\u00e9, avoir contribu\u00e9 aux travaux oraux ou \u00e9crits de la soci\u00e9t\u00e9, \u00eatre propos\u00e9 par un Membre titulaire avant le 15 octobre et t\u00e9moigner d&rsquo;un int\u00e9r\u00eat ou d&rsquo;un concours manifeste pour l&rsquo;Acad\u00e9mie. Le calendrier des candidatures et des \u00e9lections ainsi que la cotisation sont les m\u00eames que pour les Associ\u00e9s.<\/p>\n<\/div>\n<div><\/div>\n<div><\/div>\n<div><\/div>\n","protected":false},"excerpt":{"rendered":"<p>L&rsquo;Acad\u00e9mie nationale de Reims n&rsquo;\u00e9met pas de bulletin d&rsquo;adh\u00e9sion car il s&rsquo;agit d&rsquo;une soci\u00e9t\u00e9 savante (reconnue d&rsquo;Utilit\u00e9 publique) : son fonctionnement est particulier, tout en restant r\u00e9gie par la loi de 1901. La proc\u00e9dure d&rsquo;usage pour les personnes int\u00e9ress\u00e9es est la suivante: 1- Pour \u00eatre invit\u00e9(e) : Demande \u00e9crite (avec coordonn\u00e9es : adresse, t\u00e9l\u00e9phone, courriel) [&hellip;]<\/p>\n","protected":false},"author":1,"featured_media":0,"parent":21,"menu_order":1,"comment_status":"closed","ping_status":"closed","template":"","meta":{"_mi_skip_tracking":false},"yoast_head":"<!-- This site is optimized with the Yoast SEO plugin v20.4 - https:\/\/yoast.com\/wordpress\/plugins\/seo\/ -->\n<title>Adh\u00e9sion - Acad\u00e9mie nationale de Reims<\/title>\n<meta name=\"robots\" content=\"index, follow, max-snippet:-1, max-image-preview:large, max-video-preview:-1\" \/>\n<link rel=\"canonical\" href=\"https:\/\/academie-nationale-reims.fr\/index.php\/contact\/adhesion\/\" \/>\n<meta property=\"og:locale\" content=\"fr_FR\" \/>\n<meta property=\"og:type\" content=\"article\" \/>\n<meta property=\"og:title\" content=\"Adh\u00e9sion - Acad\u00e9mie nationale de Reims\" \/>\n<meta property=\"og:description\" content=\"L&rsquo;Acad\u00e9mie nationale de Reims n&rsquo;\u00e9met pas de bulletin d&rsquo;adh\u00e9sion car il s&rsquo;agit d&rsquo;une soci\u00e9t\u00e9 savante (reconnue d&rsquo;Utilit\u00e9 publique) : son fonctionnement est particulier, tout en restant r\u00e9gie par la loi de 1901. La proc\u00e9dure d&rsquo;usage pour les personnes int\u00e9ress\u00e9es est la suivante: 1- Pour \u00eatre invit\u00e9(e) : Demande \u00e9crite (avec coordonn\u00e9es : adresse, t\u00e9l\u00e9phone, courriel) [&hellip;]\" \/>\n<meta property=\"og:url\" content=\"https:\/\/academie-nationale-reims.fr\/index.php\/contact\/adhesion\/\" \/>\n<meta property=\"og:site_name\" content=\"Acad\u00e9mie nationale de Reims\" \/>\n<meta property=\"article:modified_time\" content=\"2024-04-23T15:05:40+00:00\" \/>\n<meta name=\"twitter:card\" content=\"summary_large_image\" \/>\n<meta name=\"twitter:label1\" content=\"Dur\u00e9e de lecture estim\u00e9e\" \/>\n\t<meta name=\"twitter:data1\" content=\"2 minutes\" \/>\n<script type=\"application\/ld+json\" class=\"yoast-schema-graph\">{\"@context\":\"https:\/\/schema.org\",\"@graph\":[{\"@type\":\"WebPage\",\"@id\":\"https:\/\/academie-nationale-reims.fr\/index.php\/contact\/adhesion\/\",\"url\":\"https:\/\/academie-nationale-reims.fr\/index.php\/contact\/adhesion\/\",\"name\":\"Adh\u00e9sion - Acad\u00e9mie nationale de Reims\",\"isPartOf\":{\"@id\":\"https:\/\/academie-nationale-reims.fr\/#website\"},\"datePublished\":\"2015-09-12T12:04:32+00:00\",\"dateModified\":\"2024-04-23T15:05:40+00:00\",\"breadcrumb\":{\"@id\":\"https:\/\/academie-nationale-reims.fr\/index.php\/contact\/adhesion\/#breadcrumb\"},\"inLanguage\":\"fr-FR\",\"potentialAction\":[{\"@type\":\"ReadAction\",\"target\":[\"https:\/\/academie-nationale-reims.fr\/index.php\/contact\/adhesion\/\"]}]},{\"@type\":\"BreadcrumbList\",\"@id\":\"https:\/\/academie-nationale-reims.fr\/index.php\/contact\/adhesion\/#breadcrumb\",\"itemListElement\":[{\"@type\":\"ListItem\",\"position\":1,\"name\":\"Accueil\",\"item\":\"https:\/\/academie-nationale-reims.fr\/\"},{\"@type\":\"ListItem\",\"position\":2,\"name\":\"Contacts\",\"item\":\"https:\/\/academie-nationale-reims.fr\/index.php\/contact\/\"},{\"@type\":\"ListItem\",\"position\":3,\"name\":\"Adh\u00e9sion\"}]},{\"@type\":\"WebSite\",\"@id\":\"https:\/\/academie-nationale-reims.fr\/#website\",\"url\":\"https:\/\/academie-nationale-reims.fr\/\",\"name\":\"Acad\u00e9mie nationale de Reims\",\"description\":\"Ce site est en cours d\u2019am\u00e9nagements\",\"publisher\":{\"@id\":\"https:\/\/academie-nationale-reims.fr\/#organization\"},\"potentialAction\":[{\"@type\":\"SearchAction\",\"target\":{\"@type\":\"EntryPoint\",\"urlTemplate\":\"https:\/\/academie-nationale-reims.fr\/?s={search_term_string}\"},\"query-input\":\"required name=search_term_string\"}],\"inLanguage\":\"fr-FR\"},{\"@type\":\"Organization\",\"@id\":\"https:\/\/academie-nationale-reims.fr\/#organization\",\"name\":\"Acad\u00e9mie nationale de Reims\",\"url\":\"https:\/\/academie-nationale-reims.fr\/\",\"logo\":{\"@type\":\"ImageObject\",\"inLanguage\":\"fr-FR\",\"@id\":\"https:\/\/academie-nationale-reims.fr\/#\/schema\/logo\/image\/\",\"url\":\"https:\/\/academie-nationale-reims.fr\/wp-content\/uploads\/2023\/03\/logo.png\",\"contentUrl\":\"https:\/\/academie-nationale-reims.fr\/wp-content\/uploads\/2023\/03\/logo.png\",\"width\":2038,\"height\":426,\"caption\":\"Acad\u00e9mie nationale de Reims\"},\"image\":{\"@id\":\"https:\/\/academie-nationale-reims.fr\/#\/schema\/logo\/image\/\"}}]}<\/script>\n<!-- \/ Yoast SEO plugin. -->","yoast_head_json":{"title":"Adh\u00e9sion - Acad\u00e9mie nationale de Reims","robots":{"index":"index","follow":"follow","max-snippet":"max-snippet:-1","max-image-preview":"max-image-preview:large","max-video-preview":"max-video-preview:-1"},"canonical":"https:\/\/academie-nationale-reims.fr\/index.php\/contact\/adhesion\/","og_locale":"fr_FR","og_type":"article","og_title":"Adh\u00e9sion - Acad\u00e9mie nationale de Reims","og_description":"L&rsquo;Acad\u00e9mie nationale de Reims n&rsquo;\u00e9met pas de bulletin d&rsquo;adh\u00e9sion car il s&rsquo;agit d&rsquo;une soci\u00e9t\u00e9 savante (reconnue d&rsquo;Utilit\u00e9 publique) : son fonctionnement est particulier, tout en restant r\u00e9gie par la loi de 1901. La proc\u00e9dure d&rsquo;usage pour les personnes int\u00e9ress\u00e9es est la suivante: 1- Pour \u00eatre invit\u00e9(e) : Demande \u00e9crite (avec coordonn\u00e9es : adresse, t\u00e9l\u00e9phone, courriel) [&hellip;]","og_url":"https:\/\/academie-nationale-reims.fr\/index.php\/contact\/adhesion\/","og_site_name":"Acad\u00e9mie nationale de Reims","article_modified_time":"2024-04-23T15:05:40+00:00","twitter_card":"summary_large_image","twitter_misc":{"Dur\u00e9e de lecture estim\u00e9e":"2 minutes"},"schema":{"@context":"https:\/\/schema.org","@graph":[{"@type":"WebPage","@id":"https:\/\/academie-nationale-reims.fr\/index.php\/contact\/adhesion\/","url":"https:\/\/academie-nationale-reims.fr\/index.php\/contact\/adhesion\/","name":"Adh\u00e9sion - Acad\u00e9mie nationale de Reims","isPartOf":{"@id":"https:\/\/academie-nationale-reims.fr\/#website"},"datePublished":"2015-09-12T12:04:32+00:00","dateModified":"2024-04-23T15:05:40+00:00","breadcrumb":{"@id":"https:\/\/academie-nationale-reims.fr\/index.php\/contact\/adhesion\/#breadcrumb"},"inLanguage":"fr-FR","potentialAction":[{"@type":"ReadAction","target":["https:\/\/academie-nationale-reims.fr\/index.php\/contact\/adhesion\/"]}]},{"@type":"BreadcrumbList","@id":"https:\/\/academie-nationale-reims.fr\/index.php\/contact\/adhesion\/#breadcrumb","itemListElement":[{"@type":"ListItem","position":1,"name":"Accueil","item":"https:\/\/academie-nationale-reims.fr\/"},{"@type":"ListItem","position":2,"name":"Contacts","item":"https:\/\/academie-nationale-reims.fr\/index.php\/contact\/"},{"@type":"ListItem","position":3,"name":"Adh\u00e9sion"}]},{"@type":"WebSite","@id":"https:\/\/academie-nationale-reims.fr\/#website","url":"https:\/\/academie-nationale-reims.fr\/","name":"Acad\u00e9mie nationale de Reims","description":"Ce site est en cours d\u2019am\u00e9nagements","publisher":{"@id":"https:\/\/academie-nationale-reims.fr\/#organization"},"potentialAction":[{"@type":"SearchAction","target":{"@type":"EntryPoint","urlTemplate":"https:\/\/academie-nationale-reims.fr\/?s={search_term_string}"},"query-input":"required name=search_term_string"}],"inLanguage":"fr-FR"},{"@type":"Organization","@id":"https:\/\/academie-nationale-reims.fr\/#organization","name":"Acad\u00e9mie nationale de Reims","url":"https:\/\/academie-nationale-reims.fr\/","logo":{"@type":"ImageObject","inLanguage":"fr-FR","@id":"https:\/\/academie-nationale-reims.fr\/#\/schema\/logo\/image\/","url":"https:\/\/academie-nationale-reims.fr\/wp-content\/uploads\/2023\/03\/logo.png","contentUrl":"https:\/\/academie-nationale-reims.fr\/wp-content\/uploads\/2023\/03\/logo.png","width":2038,"height":426,"caption":"Acad\u00e9mie nationale de Reims"},"image":{"@id":"https:\/\/academie-nationale-reims.fr\/#\/schema\/logo\/image\/"}}]}},"_links":{"self":[{"href":"https:\/\/academie-nationale-reims.fr\/index.php\/wp-json\/wp\/v2\/pages\/76"}],"collection":[{"href":"https:\/\/academie-nationale-reims.fr\/index.php\/wp-json\/wp\/v2\/pages"}],"about":[{"href":"https:\/\/academie-nationale-reims.fr\/index.php\/wp-json\/wp\/v2\/types\/page"}],"author":[{"embeddable":true,"href":"https:\/\/academie-nationale-reims.fr\/index.php\/wp-json\/wp\/v2\/users\/1"}],"replies":[{"embeddable":true,"href":"https:\/\/academie-nationale-reims.fr\/index.php\/wp-json\/wp\/v2\/comments?post=76"}],"version-history":[{"count":11,"href":"https:\/\/academie-nationale-reims.fr\/index.php\/wp-json\/wp\/v2\/pages\/76\/revisions"}],"predecessor-version":[{"id":2710,"href":"https:\/\/academie-nationale-reims.fr\/index.php\/wp-json\/wp\/v2\/pages\/76\/revisions\/2710"}],"up":[{"embeddable":true,"href":"https:\/\/academie-nationale-reims.fr\/index.php\/wp-json\/wp\/v2\/pages\/21"}],"wp:attachment":[{"href":"https:\/\/academie-nationale-reims.fr\/index.php\/wp-json\/wp\/v2\/media?parent=76"}],"curies":[{"name":"wp","href":"https:\/\/api.w.org\/{rel}","templated":true}]}}